{"id":542,"date":"2017-01-08T16:03:29","date_gmt":"2017-01-08T16:03:29","guid":{"rendered":"http:\/\/fastitut.de\/?page_id=542"},"modified":"2017-03-11T19:20:16","modified_gmt":"2017-03-11T19:20:16","slug":"strukturelle-balance","status":"publish","type":"page","link":"https:\/\/wohlbehandelt.de\/?page_id=542","title":{"rendered":"Strukturelle Balance"},"content":{"rendered":"<p>[et_pb_section admin_label=&#8220;section&#8220; fullwidth=&#8220;on&#8220; specialty=&#8220;off&#8220; transparent_background=&#8220;off&#8220; allow_player_pause=&#8220;off&#8220; inner_shadow=&#8220;off&#8220; parallax=&#8220;off&#8220; parallax_method=&#8220;off&#8220; custom_padding=&#8220;1px|||&#8220; padding_mobile=&#8220;off&#8220; make_fullwidth=&#8220;off&#8220; use_custom_width=&#8220;off&#8220; width_unit=&#8220;on&#8220; make_equal=&#8220;off&#8220; use_custom_gutter=&#8220;off&#8220;][et_pb_fullwidth_slider admin_label=&#8220;Vollbreiter Slider&#8220; show_arrows=&#8220;off&#8220; show_pagination=&#8220;on&#8220; auto=&#8220;off&#8220; parallax=&#8220;off&#8220; parallax_method=&#8220;on&#8220; module_id=&#8220;sliderleft&#8220; auto_ignore_hover=&#8220;off&#8220; remove_inner_shadow=&#8220;off&#8220; background_position=&#8220;default&#8220; background_size=&#8220;default&#8220; hide_content_on_mobile=&#8220;off&#8220; hide_cta_on_mobile=&#8220;off&#8220; show_image_video_mobile=&#8220;off&#8220; custom_button=&#8220;on&#8220; button_text_color=&#8220;#ffffff&#8220; button_bg_color=&#8220;#16a085&#8243; button_border_radius=&#8220;0&#8243; button_letter_spacing=&#8220;0&#8243; button_use_icon=&#8220;default&#8220; button_icon_placement=&#8220;right&#8220; button_on_hover=&#8220;on&#8220; button_letter_spacing_hover=&#8220;0&#8243;] [et_pb_slide background_color=&#8220;#ffffff&#8220; alignment=&#8220;bottom&#8220; background_layout=&#8220;light&#8220; allow_player_pause=&#8220;off&#8220; background_position=&#8220;default&#8220; background_size=&#8220;default&#8220; use_bg_overlay=&#8220;off&#8220; use_text_overlay=&#8220;off&#8220; text_border_radius=&#8220;3&#8243; header_font_select=&#8220;default&#8220; header_font=&#8220;||||&#8220; body_font_select=&#8220;default&#8220; body_font=&#8220;||||&#8220; custom_button=&#8220;off&#8220; button_font_select=&#8220;default&#8220; button_font=&#8220;||||&#8220; button_use_icon=&#8220;default&#8220; button_icon_placement=&#8220;right&#8220; button_on_hover=&#8220;on&#8220; admin_title=&#8220;Strukturelle Balance&#8220; heading=&#8220;Strukturelle Balance&#8220; image=&#8220;https:\/\/wohlbehandelt.de\/wp-content\/uploads\/2017\/03\/Behandlung_2a.png&#8220; header_font_size=&#8220;40&#8243; header_font_size_tablet=&#8220;40&#8243; header_font_size_phone=&#8220;40&#8243;]<\/p>\n<p style=\"text-align: center;\">Wir bieten mit unserem speziellen Therapieangebot \u201e<b>Strukturelle Balance in drei Schritten<\/b>\u201c ein speziell auf die k\u00f6rperliche Balance ausgerichtete, ganzheitliche Behandlung der \u00e4u\u00dferen und tiefen Faszien. Ziel der Behandlung \u201e<b>Strukturelle Balance in drei Schritten<\/b>\u201c ist es, Blockaden der Faszien zu l\u00f6sen und die Gleitf\u00e4higkeit des Gewebes zu verbessern, so dass sich Bewegungen anschlie\u00dfend leichter, weniger verspannt und weniger schmerzhaft anf\u00fchlen k\u00f6nnen.<\/p>\n<p>[\/et_pb_slide] [\/et_pb_fullwidth_slider][\/et_pb_section][et_pb_section admin_label=&#8220;section&#8220; fullwidth=&#8220;off&#8220; specialty=&#8220;off&#8220; transparent_background=&#8220;off&#8220; background_color=&#8220;#ffffcc&#8220; allow_player_pause=&#8220;off&#8220; inner_shadow=&#8220;off&#8220; parallax=&#8220;off&#8220; parallax_method=&#8220;off&#8220; padding_mobile=&#8220;off&#8220; make_fullwidth=&#8220;off&#8220; use_custom_width=&#8220;off&#8220; width_unit=&#8220;on&#8220; make_equal=&#8220;off&#8220; use_custom_gutter=&#8220;off&#8220; custom_padding=&#8220;||1px|&#8220;][et_pb_row admin_label=&#8220;row&#8220; make_fullwidth=&#8220;off&#8220; use_custom_width=&#8220;off&#8220; width_unit=&#8220;on&#8220; use_custom_gutter=&#8220;off&#8220; custom_padding=&#8220;0px|||&#8220; padding_mobile=&#8220;off&#8220; allow_player_pause=&#8220;off&#8220; parallax=&#8220;off&#8220; parallax_method=&#8220;off&#8220; make_equal=&#8220;off&#8220; parallax_1=&#8220;off&#8220; parallax_method_1=&#8220;off&#8220; parallax_2=&#8220;off&#8220; parallax_method_2=&#8220;off&#8220; parallax_3=&#8220;off&#8220; parallax_method_3=&#8220;off&#8220; column_padding_mobile=&#8220;on&#8220;][et_pb_column type=&#8220;1_3&#8243;][et_pb_blurb admin_label=&#8220;Informationstext&#8220; title=&#8220;Ursachen statt Symptome behandeln !&#8220; url_new_window=&#8220;off&#8220; use_icon=&#8220;off&#8220; font_icon=&#8220;\ue0e9&#8220; icon_color=&#8220;#16a085&#8243; use_circle=&#8220;off&#8220; circle_color=&#8220;#16a085&#8243; use_circle_border=&#8220;off&#8220; circle_border_color=&#8220;#16a085&#8243; icon_placement=&#8220;top&#8220; animation=&#8220;top&#8220; background_layout=&#8220;light&#8220; text_orientation=&#8220;center&#8220; use_icon_font_size=&#8220;off&#8220; use_border_color=&#8220;off&#8220; border_color=&#8220;#ffffff&#8220; border_style=&#8220;solid&#8220; header_font_size=&#8220;24&#8243;]<\/p>\n<p>Unser Alltag wird mehr und mehr durch T\u00e4tigkeiten mit geringer oder einseitiger k\u00f6rperlicher Belastung bestimmt.<\/p>\n<p>Bedauerlicherweise passt sich die Struktur unseres K\u00f6rpers unseren Lebensumst\u00e4nden an, durch bewegungsarme Haltungen verschieben sich \u00fcber die Zeit die Schwerpunkte einzelner K\u00f6rperregionen (z.B. des R\u00fcckens, der Schultern, des Becken).<\/p>\n<p>[\/et_pb_blurb][\/et_pb_column][et_pb_column type=&#8220;1_3&#8243;][et_pb_image admin_label=&#8220;Bild&#8220; src=&#8220;https:\/\/wohlbehandelt.de\/wp-content\/uploads\/2017\/03\/Figur_6.png&#8220; show_in_lightbox=&#8220;off&#8220; url_new_window=&#8220;off&#8220; use_overlay=&#8220;off&#8220; animation=&#8220;fade_in&#8220; sticky=&#8220;off&#8220; align=&#8220;left&#8220; force_fullwidth=&#8220;off&#8220; always_center_on_mobile=&#8220;on&#8220; use_border_color=&#8220;off&#8220; border_color=&#8220;#ffffff&#8220; border_style=&#8220;solid&#8220;] [\/et_pb_image][\/et_pb_column][et_pb_column type=&#8220;1_3&#8243;][et_pb_blurb admin_label=&#8220;Informationstext&#8220; title=&#8220;Schwerpunkte verschieben sich&#8220; url_new_window=&#8220;off&#8220; use_icon=&#8220;off&#8220; font_icon=&#8220;\ue0e9&#8220; icon_color=&#8220;#16a085&#8243; use_circle=&#8220;off&#8220; circle_color=&#8220;#16a085&#8243; use_circle_border=&#8220;off&#8220; circle_border_color=&#8220;#16a085&#8243; icon_placement=&#8220;top&#8220; animation=&#8220;top&#8220; background_layout=&#8220;light&#8220; text_orientation=&#8220;center&#8220; use_icon_font_size=&#8220;off&#8220; use_border_color=&#8220;off&#8220; border_color=&#8220;#ffffff&#8220; border_style=&#8220;solid&#8220; header_font_size=&#8220;24&#8243;]<\/p>\n<p>Solche strukturellen \u00c4nderungen der K\u00f6rperschwerpunkte entstehen durch andauernde Fehlhaltung, Unf\u00e4lle oder Stress und f\u00fchren nach einiger Zeit zu einer Verschiebung der verschiedenen K\u00f6rperabschnitte untereinander.<\/p>\n<p>Dies wiederum hat einseitige Belastungen von Gelenke, Wirbel und Faszien zur folge, die darauf nicht ausgelegt sind. Und das beg\u00fcnstigt \u00fcberm\u00e4\u00dfiger Verschlei\u00df, Schmerz und Bewegungseinschr\u00e4nkungen.<\/p>\n<p>[\/et_pb_blurb][\/et_pb_column][\/et_pb_row][\/et_pb_section][et_pb_section admin_label=&#8220;section&#8220; fullwidth=&#8220;off&#8220; specialty=&#8220;off&#8220; transparent_background=&#8220;off&#8220; allow_player_pause=&#8220;off&#8220; inner_shadow=&#8220;off&#8220; parallax=&#8220;off&#8220; parallax_method=&#8220;off&#8220; padding_mobile=&#8220;off&#8220; make_fullwidth=&#8220;off&#8220; use_custom_width=&#8220;off&#8220; width_unit=&#8220;on&#8220; make_equal=&#8220;off&#8220; use_custom_gutter=&#8220;off&#8220; custom_padding=&#8220;1px||1px|&#8220;][et_pb_row admin_label=&#8220;row&#8220; make_fullwidth=&#8220;off&#8220; use_custom_width=&#8220;off&#8220; width_unit=&#8220;on&#8220; use_custom_gutter=&#8220;off&#8220; padding_mobile=&#8220;off&#8220; custom_margin=&#8220;0px|||&#8220; allow_player_pause=&#8220;off&#8220; parallax=&#8220;off&#8220; parallax_method=&#8220;off&#8220; make_equal=&#8220;off&#8220; parallax_1=&#8220;off&#8220; parallax_method_1=&#8220;off&#8220; parallax_2=&#8220;off&#8220; parallax_method_2=&#8220;off&#8220; column_padding_mobile=&#8220;on&#8220; custom_padding=&#8220;0px||0px|&#8220;][et_pb_column type=&#8220;2_3&#8243;][et_pb_blurb admin_label=&#8220;Informationstext&#8220; title=&#8220;Struktur in Balance bringen !&#8220; url_new_window=&#8220;off&#8220; use_icon=&#8220;off&#8220; font_icon=&#8220;\ue0e9&#8220; icon_color=&#8220;#16a085&#8243; use_circle=&#8220;off&#8220; circle_color=&#8220;#16a085&#8243; use_circle_border=&#8220;off&#8220; circle_border_color=&#8220;#16a085&#8243; icon_placement=&#8220;top&#8220; animation=&#8220;top&#8220; background_layout=&#8220;light&#8220; text_orientation=&#8220;justified&#8220; use_icon_font_size=&#8220;off&#8220; use_border_color=&#8220;off&#8220; border_color=&#8220;#ffffff&#8220; border_style=&#8220;solid&#8220; header_font_size=&#8220;24&#8243;]<\/p>\n<p>Durch gezielte Behandlungen k\u00f6nnen diese strukturellen Belastungen korrigiert und Ihrem K\u00f6rper seine urspr\u00fcngliche Balance wieder geben werden. Wir nennen dies \u201eStrukturelle Behandlung\u201c oder \u201eStructural Bodywork\u201c. Ziel der strukturellen Behandlung ist die Initiierung eines Ver\u00e4nderungsprozesses hin zu einer besseren Haltung, Verringerung von Schmerzen, verbesserte Bewegung und Sch\u00e4rfung Ihrer Wahrnehmung \u00fcber g\u00fcnstige bzw. ung\u00fcnstige Haltung.<\/p>\n<p>Und solche Strukturelle Behandlung bietet dar\u00fcber hinaus Verbesserungen im Bewegungsablauf, der Ihnen zugute kommt, auch wenn Sie keine Beschwerden sp\u00fcren. Insbesondere Sportarten mit anspruchsvollen Bewegungen, wie z.B. Golf, Tennis oder Leichtathletik, aber auch Tanzen und Yoga profitieren von fl\u00fcssigen Bewegungen.<\/p>\n<p>[\/et_pb_blurb][\/et_pb_column][et_pb_column type=&#8220;1_3&#8243;][et_pb_image admin_label=&#8220;Bild&#8220; src=&#8220;https:\/\/wohlbehandelt.de\/wp-content\/uploads\/2017\/03\/Figur_10.png&#8220; show_in_lightbox=&#8220;off&#8220; url_new_window=&#8220;off&#8220; use_overlay=&#8220;off&#8220; animation=&#8220;right&#8220; sticky=&#8220;off&#8220; align=&#8220;left&#8220; force_fullwidth=&#8220;off&#8220; always_center_on_mobile=&#8220;on&#8220; use_border_color=&#8220;off&#8220; border_color=&#8220;#ffffff&#8220; border_style=&#8220;solid&#8220;] [\/et_pb_image][\/et_pb_column][\/et_pb_row][\/et_pb_section][et_pb_section admin_label=&#8220;Sektion&#8220; fullwidth=&#8220;off&#8220; specialty=&#8220;off&#8220; transparent_background=&#8220;off&#8220; background_color=&#8220;#ffffcc&#8220; allow_player_pause=&#8220;off&#8220; inner_shadow=&#8220;off&#8220; parallax=&#8220;off&#8220; parallax_method=&#8220;off&#8220; padding_mobile=&#8220;off&#8220; make_fullwidth=&#8220;off&#8220; use_custom_width=&#8220;off&#8220; width_unit=&#8220;on&#8220; make_equal=&#8220;off&#8220; use_custom_gutter=&#8220;off&#8220; custom_padding=&#8220;1px||1px|&#8220;][et_pb_row admin_label=&#8220;Zeile&#8220;][et_pb_column type=&#8220;4_4&#8243;][et_pb_blurb admin_label=&#8220;Therapieangebot&#8220; title=&#8220;Unser Therapieangebot&#8220; url_new_window=&#8220;off&#8220; use_icon=&#8220;off&#8220; icon_color=&#8220;#9ad6d1&#8243; use_circle=&#8220;off&#8220; circle_color=&#8220;#9ad6d1&#8243; use_circle_border=&#8220;off&#8220; circle_border_color=&#8220;#9ad6d1&#8243; icon_placement=&#8220;top&#8220; animation=&#8220;top&#8220; background_layout=&#8220;light&#8220; text_orientation=&#8220;justified&#8220; use_icon_font_size=&#8220;off&#8220; use_border_color=&#8220;off&#8220; border_color=&#8220;#ffffff&#8220; border_style=&#8220;solid&#8220; header_font_size=&#8220;24&#8243;]<\/p>\n<p>Wir bieten mit unserem speziellen Therapieangebot \u201e<strong><em>Strukturelle Balance in drei Schritten<\/em><\/strong>\u201c ein speziell auf die k\u00f6rperliche Balance ausgerichtete, ganzheitliche Behandlung der \u00e4u\u00dferen und tiefen Faszien. Ziel der Behandlung \u201e<strong><em>Strukturelle Balance in drei Schritten<\/em><\/strong>\u201c ist es, Blockaden der Faszien zu l\u00f6sen und die Gleitf\u00e4higkeit des Gewebes zu verbessern, so dass sich Bewegungen anschlie\u00dfend leichter, weniger verspannt und weniger schmerzhaft anf\u00fchlen k\u00f6nnen. Hierbei bieten wir 26 verschiedene Behandlungsvariationen die zielgerichtet entsprechend Ihrer pers\u00f6nlichen Situation eingesetzt werden. Wichtig ist es, nicht nur Techniken anzuwenden sondern den K\u00f6rper individuell anzusprechen.<\/p>\n<p>Die Behandlung \u201e<em><strong>Strukturelle Balance in drei Schritten<\/strong><\/em>\u201c besteht aus einer Serie von drei aufeinander aufbauenden Sitzungen von je ca. 90 Minuten, jede Sitzung fokussiert sich auf besondere K\u00f6rperregionen:<\/p>\n<p>[\/et_pb_blurb][\/et_pb_column][\/et_pb_row][et_pb_row admin_label=&#8220;Zeile&#8220; make_fullwidth=&#8220;off&#8220; use_custom_width=&#8220;off&#8220; width_unit=&#8220;on&#8220; use_custom_gutter=&#8220;off&#8220; padding_mobile=&#8220;off&#8220; allow_player_pause=&#8220;off&#8220; parallax=&#8220;off&#8220; parallax_method=&#8220;off&#8220; make_equal=&#8220;off&#8220; parallax_1=&#8220;off&#8220; parallax_method_1=&#8220;off&#8220; column_padding_mobile=&#8220;on&#8220;][et_pb_column type=&#8220;4_4&#8243;][et_pb_slider admin_label=&#8220;3er Sequenz&#8220; show_arrows=&#8220;on&#8220; show_pagination=&#8220;on&#8220; auto=&#8220;on&#8220; auto_ignore_hover=&#8220;off&#8220; parallax=&#8220;off&#8220; parallax_method=&#8220;off&#8220; remove_inner_shadow=&#8220;off&#8220; background_position=&#8220;default&#8220; background_size=&#8220;default&#8220; hide_content_on_mobile=&#8220;off&#8220; hide_cta_on_mobile=&#8220;off&#8220; show_image_video_mobile=&#8220;off&#8220; custom_button=&#8220;off&#8220; button_letter_spacing=&#8220;0&#8243; button_use_icon=&#8220;default&#8220; button_icon_placement=&#8220;right&#8220; button_on_hover=&#8220;on&#8220; button_letter_spacing_hover=&#8220;0&#8243; auto_speed=&#8220;8000&#8243; header_font_size=&#8220;36&#8243;] [et_pb_slide heading=&#8220;Sitzung 1: Das Fundament&#8220; background_position=&#8220;default&#8220; background_size=&#8220;default&#8220; background_color=&#8220;#ffffff&#8220; image=&#8220;https:\/\/wohlbehandelt.de\/wp-content\/uploads\/2017\/03\/Figur_7a.png&#8220; use_bg_overlay=&#8220;off&#8220; use_text_overlay=&#8220;off&#8220; alignment=&#8220;center&#8220; background_layout=&#8220;light&#8220; allow_player_pause=&#8220;off&#8220; admin_title=&#8220;Schritt 1&#8243; text_border_radius=&#8220;3&#8243; header_font_select=&#8220;default&#8220; header_font=&#8220;||||&#8220; body_font_select=&#8220;default&#8220; body_font=&#8220;||||&#8220; custom_button=&#8220;off&#8220; button_font_select=&#8220;default&#8220; button_font=&#8220;||||&#8220; button_use_icon=&#8220;default&#8220; button_icon_placement=&#8220;right&#8220; button_on_hover=&#8220;on&#8220; image_alt=&#8220;Sitzung 1: Das Fundament&#8220; header_font_size=&#8220;24&#8243; header_font_size_tablet=&#8220;24&#8243; header_font_size_phone=&#8220;24&#8243; body_font_size=&#8220;14&#8243; body_font_size_tablet=&#8220;12&#8243; body_font_size_phone=&#8220;12&#8243;]<\/p>\n<p>Sicherer Stand und geschmeidige Bewegungen beginnen mit Ihrer Verbindung der F\u00fc\u00dfe zum Boden. Sitzung eins konzentriert sich daher auf die Balance von der\u00a0Fu\u00dfsohle bis hinauf zur H\u00fcfte und umfasst die Behandlung von F\u00fc\u00dfen, Beinen, Knie und Becken. Sie entwickeln eine bessere Wahrnehmung dar\u00fcber wie Sie stehen und gehen und wie ein gefestigter Stand Ihren gesamten K\u00f6rper stabilisiert und streckt.<\/p>\n<p>[\/et_pb_slide][et_pb_slide heading=&#8220;Sitzung 2: Der Oberk\u00f6rper&#8220; background_position=&#8220;default&#8220; background_size=&#8220;default&#8220; background_color=&#8220;#ffffff&#8220; image=&#8220;https:\/\/wohlbehandelt.de\/wp-content\/uploads\/2017\/03\/Figur_8a.png&#8220; use_bg_overlay=&#8220;off&#8220; use_text_overlay=&#8220;off&#8220; alignment=&#8220;center&#8220; background_layout=&#8220;light&#8220; allow_player_pause=&#8220;off&#8220; admin_title=&#8220;Schritt 2&#8243; text_border_radius=&#8220;3&#8243; header_font_select=&#8220;default&#8220; header_font=&#8220;||||&#8220; body_font_select=&#8220;default&#8220; body_font=&#8220;||||&#8220; custom_button=&#8220;off&#8220; button_font_select=&#8220;default&#8220; button_font=&#8220;||||&#8220; button_use_icon=&#8220;default&#8220; button_icon_placement=&#8220;right&#8220; button_on_hover=&#8220;on&#8220; header_font_size=&#8220;24&#8243; image_alt=&#8220;Sitzung 2: Der Oberk\u00f6rper&#8220; body_font_size=&#8220;14&#8243; body_font_size_tablet=&#8220;14&#8243; body_font_size_phone=&#8220;14&#8243; header_font_size_tablet=&#8220;24&#8243; header_font_size_phone=&#8220;24&#8243;]<\/p>\n<p>Diese Region ist Ausl\u00f6ser vielschichtiger Beschwerden im Bereich von Nacken, Schulter und Arme. Zuerst werden in dieser zweiten Sitzung alle Regionen behandelt, die das Atmen und die Beweglichkeit des Brustkorbs erleichtern sowie die Balance von Schulter und Armen in Verbindung mit dem Brustkorb beeinflussen. Weiterer Schwerpunkt ist das Zusammenspiel von Schulter und Nacken, so das Beweglichkeit und Schmerzfreiheit m\u00f6glich ist.<\/p>\n<p>[\/et_pb_slide][et_pb_slide heading=&#8220;Sitzung 3: Der R\u00fccken&#8220; background_position=&#8220;default&#8220; background_size=&#8220;default&#8220; background_color=&#8220;#ffffff&#8220; image=&#8220;https:\/\/wohlbehandelt.de\/wp-content\/uploads\/2017\/03\/Figur_5a.png&#8220; use_bg_overlay=&#8220;off&#8220; use_text_overlay=&#8220;off&#8220; alignment=&#8220;center&#8220; background_layout=&#8220;light&#8220; allow_player_pause=&#8220;off&#8220; admin_title=&#8220;Schritt 3&#8243; text_border_radius=&#8220;3&#8243; header_font_select=&#8220;default&#8220; header_font=&#8220;||||&#8220; body_font_select=&#8220;default&#8220; body_font=&#8220;||||&#8220; custom_button=&#8220;off&#8220; button_font_select=&#8220;default&#8220; button_font=&#8220;||||&#8220; button_use_icon=&#8220;default&#8220; button_icon_placement=&#8220;right&#8220; button_on_hover=&#8220;on&#8220; header_font_size=&#8220;24&#8243; image_alt=&#8220;Schritt 3: Der R\u00fccken&#8220; body_font_size=&#8220;14&#8243; body_font_size_tablet=&#8220;14&#8243; body_font_size_phone=&#8220;14&#8243; header_font_size_tablet=&#8220;24&#8243; header_font_size_phone=&#8220;24&#8243;]<\/p>\n<p>Die Wirbels\u00e4ule als Verbindung zwischen den in Sitzung 1 und Sitzung 2 behandelten Regionen steht im Zentrum dieser Sitzung. Verspannungen und Blockaden l\u00f6sen, die Atmung nochmals verbessern und die neue Beweglichkeit vom Fundament bis hinauf in den Nacken leiten sind das Ziel von Sitzung 3. Ein aufrechter R\u00fccken, stabil gest\u00fctzt von Becken und Beinen erm\u00f6glicht Schultern und Nacken schmerzfreie und elastische Bewegungen.<\/p>\n<p>[\/et_pb_slide] [\/et_pb_slider][\/et_pb_column][\/et_pb_row][\/et_pb_section][et_pb_section admin_label=&#8220;Sektion&#8220; fullwidth=&#8220;off&#8220; specialty=&#8220;off&#8220; transparent_background=&#8220;off&#8220; allow_player_pause=&#8220;off&#8220; inner_shadow=&#8220;off&#8220; parallax=&#8220;off&#8220; parallax_method=&#8220;off&#8220; padding_mobile=&#8220;off&#8220; make_fullwidth=&#8220;off&#8220; use_custom_width=&#8220;off&#8220; width_unit=&#8220;on&#8220; make_equal=&#8220;off&#8220; use_custom_gutter=&#8220;off&#8220; custom_padding=&#8220;1px|||&#8220;][et_pb_row admin_label=&#8220;Zeile&#8220;][et_pb_column type=&#8220;1_2&#8243;][et_pb_accordion admin_label=&#8220;Fragen Block eins&#8220; use_border_color=&#8220;off&#8220; border_color=&#8220;#ffffff&#8220; border_style=&#8220;solid&#8220;] [et_pb_accordion_item title=&#8220;eine 3er Sequenz erleben&#8220;]<\/p>\n<p>Bei der Anwendung der Strukturellen Balance handelt es sich um eine manuelle Therapie. Hierbei f\u00fchrt der Therapeut mit seinen H\u00e4nden spezielle Dehn\u00fcbungen Ihrer Faszien aus. Durch Druck bzw. Strecken der oberen als auch der tieferen Faszien werden diese gel\u00f6st.<\/p>\n<p>Jede Behandlung beginnt mit einer Anamnese\u00a0Ihrer aktuellen K\u00f6rpersituation (was geht gut, was schmerzt) sowie einer Betrachtung Ihrer K\u00f6rperhaltung (sogenanntes Bodyreading). Beim Bodyreading werden Fehlhaltungen einzelner K\u00f6rperregionen aufgezeigt, denn diese Fehlhaltungen sind h\u00e4ufig Ursache der auftretenden Beschwerden. Im Anschlu\u00df an das Bodyreading folgt die eigentliche Behandlung.<\/p>\n<p>Diese Behandlung erfolgt je nach Sitzung (erste, zweite, oder dritte) auf der Behandlungsliege bzw. einem Sitzhocker und hat verschiedene K\u00f6rperregionen zum Schwerpunkt. Jede Behandlung dauert ca. 90 Minuten und folgt\u00a0einem strukturieren Ablauf. Zum Beispiel\u00a0folgt Sitzung eins dem Ablauf: F\u00fc\u00dfe, Unterschenkel, Oberschenkel und H\u00fcfte. Dabei werden keinerlei Cremes, Lotionen oder sonstige Zusatzstoffe verwendet, daher ist eine solche Behandlung auch besonders f\u00fcr Allergiker geeignet. Durch alle drei Sitzungen\u00a0wird eine umfassende Behandlung aller K\u00f6rperregionen erreicht.<\/p>\n<p>Die einzelnen Behandlungen erfordern Ihre aktive Mitarbeit (z.B. durch Armstrecken, Beinstrecken oder \u00e4hnliches), aber keine Sorge, Sie werden sorgf\u00e4ltig angeleitet. Durch Ihre Mitarbeit werden nicht nur die \u00e4u\u00dferen, sondern auch die tieferen Faszienschichten erreicht.<\/p>\n<p>Das eigentliche Erfolgsgeheimnis liegt in der Behandlung derjenigen K\u00f6rperregionen, die f\u00fcr einen Schmerz verantwortlich sind, nicht der Regionen an denen die Schmerzen auftreten. So\u00a0wird nach einem Unfall oder einer Verletzung m\u00f6glicherweise eine Schutzhaltung entwickelt, die im Verlauf der Zeit zu schmerzhaften Verh\u00e4rtungen der Faszien an ganz anderen Regionen f\u00fchrt.\u00a0Erst durch das Bodyreading werden diese Fehlhaltungen aufgedeckt und k\u00f6nnen den Weg weisen zur Behandlung der Ursachen.<\/p>\n<p>Zum Abschluss jeder Behandlung werden die K\u00f6rperreaktionen besprochen und dokumentiert und der Behandlungsplan aktualisiert.<\/p>\n<p>[\/et_pb_accordion_item] [\/et_pb_accordion][\/et_pb_column][et_pb_column type=&#8220;1_2&#8243;][et_pb_accordion admin_label=&#8220;Fragen Block zwei&#8220; use_border_color=&#8220;off&#8220; border_color=&#8220;#ffffff&#8220; border_style=&#8220;solid&#8220;] [et_pb_accordion_item title=&#8220;Ist die Behandlung schmerzhaft ?&#8220;]<\/p>\n<p>Eine Behandlung sollte nicht schmerzhaft, aber durchaus anspruchsvoll sein. Die Behandlung soll bis an die Grenze des \u201eanspruchsvollem Dehnen\u201c und \u201eleichtem Ziehen\u201c gehen, jedoch nicht schmerzen. Durch Ihre aktive Bewegungen bestimmen Sie den Grad der Streckung bei einzelnen Sequenzen und haben dadurch Kontrolle \u00fcber die zumutbare Schmerzgrenze. Diese Grenze wird als \u201eangenehmer Schmerz\u201c beschrieben. Durch ihre aktive R\u00fcckmeldung gehen wir an diese Grenze, nicht jedoch dar\u00fcber hinaus.<\/p>\n<p>Verzichten Sie auf anspruchsvolles \u201eSchmerzen aushalten\u201c, denn letztendlich soll die strukturelle Behandlung Verspannungen l\u00f6sen. Ob gewollt oder unterbewusst, wenn Sie Schmerzen empfinden wirkt dies auf Ihre Faszien nicht entspannend sondern kontra produktiv.<\/p>\n<p>[\/et_pb_accordion_item][et_pb_accordion_item title=&#8220;Wie lange dauert eine Anwendung ?&#8220;]<\/p>\n<p>Eine Anwendung der Strukturellen Balance dauert ca. 90 Minuten, je nach Schwerpunkt der Anwendung. Bitte planen Sie f\u00fcr den ersten Termin zus\u00e4tzlich ca. 15 Minuten ein, die wir f\u00fcr eine gr\u00fcndliche Vorbesprechung und Erkl\u00e4rung der Anwendungen nutzen. In\u00a0jeder weiteren Anwendung besprechen wir dann erneut Ihre aktuelle Situation und die zwischenzeitlich erfolgte Reaktion Ihres K\u00f6rpers. Zus\u00e4tzlich planen wir zu jeder Behandlung ein erneutes Bodyreading.<\/p>\n<p>Bitte planen Sie Ihre Termine mit ausreichend &#8222;Luft&#8220; so das Sie im Anschlu\u00df unserer Behandlung nicht gehetzt in weitere Termine m\u00fcssen.<\/p>\n<p>[\/et_pb_accordion_item][et_pb_accordion_item title=&#8220;Wie lange sind die Behandlungsabst\u00e4nde ?&#8220;]<\/p>\n<p>Oft ist es sinnvoll dem K\u00f6rper zwischen einzelnen Behandlungen ein bis zwei Wochen Zeit zu geben, sich wieder neu zu organisieren. Deswegen sind zu kurze Termine nacheinander nicht sinnvoll. Wir empfehlen mindesten eine Woche Abstand zwischen den Behandlungsterminen.<\/p>\n<p>[\/et_pb_accordion_item][et_pb_accordion_item title=&#8220;Was sollte ich anziehen ?&#8220;]<\/p>\n<p>Der Therapeut nutzt zur Behandlung seine Finger, H\u00e4nde oder auch Ellbogen und f\u00fchrt direkt auf Ihrer Haut entsprechende Bewegungen aus, die Ihre Faszien l\u00f6sen. Hierzu ist der direkte Kontakt mit Ihrer Haut hilfreich. Wir empfehlen das Sie bequeme (Sport-) Unterw\u00e4sche tragen, dies ist jedoch nicht zwingende Voraussetzung. Wichtig ist das Sie sich in Ihrer Bekleidung wohl f\u00fchlen. Bei Fragen sprechen Sie uns an.<\/p>\n<p>Dazu geh\u00f6rt auch das Sie nicht gleich vom Sport oder von der Arbeit zu einem Behandlungstermin eilen m\u00fcssen sonder Zeit einplanen sich frisch zu machen. Bitte verzichten Sie auf Parfum oder K\u00f6rperlotion, eingecremte Haut verhindert effektives arbeiten mit den tieferen Faszien.<\/p>\n<p>[\/et_pb_accordion_item][et_pb_accordion_item title=&#8220;Kann ich den Behandlungserfolg nachverfolgen ?&#8220;]<\/p>\n<p>\u00dcblicherweise dokumentieren wir jede\u00a0einzelne Behandlungen mittels unserer Formulare zum Bodyreading und zum Behandlungsinhalt, die wir gern mit Ihnen teilen. Dar\u00fcberhinaus dokumentieren\u00a0Foto\u00b4s vor bzw. nach einer Behandlung besonders deutlich m\u00f6gliche Ver\u00e4nderungen.\u00a0Allerdings ist das &#8222;sich fotografieren lassen&#8220; nicht jedermanns Sache, daher besprechen\u00a0wir diese M\u00f6glichkeit in unserem Erstgespr\u00e4ch und machen Foto\u00b4s nur ein wenn Sie es w\u00fcnschen.<\/p>\n<p>[\/et_pb_accordion_item][et_pb_accordion_item title=&#8220;Gibt es Gegenanzeigen ?&#8220;]<\/p>\n<p>Bei schweren Erkrankungen, bei organischen Sch\u00e4den oder bei Verdacht auf solche sollten Sie sich unbedingt in die H\u00e4nde eines qualifizierten Arztes begeben. Gegenanzeigen f\u00fcr eine Behandlung sind unter anderem: akute entz\u00fcndliche Erkrankungen, Aneurysmen, akute Phlebitis und nicht komplett ausgeheilte Wunden. Besondere Vorsicht ist geboten bei Osteoporose, Schwangerschaft, Krebserkrankungen, Arteriosklerose, psychischen Krankheiten und langfristiger Kortison-Einnahme.<\/p>\n<p>Weitere Kontraindikationen sind kn\u00f6cherne Ursachen eines Bewegungsdefizits, entz\u00fcndliches Rheuma, degenerative Muskelerkrankungen und frische Traumata sowie akute Bandscheibenvorf\u00e4lle und schwere Herzerkrankungen.<\/p>\n<p>In keinem Fall sollten Sie eine geplante oder aktive Behandlung durch einen Arzt ohne R\u00fccksprache mit Ihrem Arzt \u00e4ndern oder unterbrechen. Halten Sie im Zweifelsfall unbedingt R\u00fccksprache mit ihrem Arzt.<\/p>\n<p>[\/et_pb_accordion_item] [\/et_pb_accordion][\/et_pb_column][\/et_pb_row][\/et_pb_section][et_pb_section admin_label=&#8220;Sektion&#8220; fullwidth=&#8220;off&#8220; specialty=&#8220;off&#8220; transparent_background=&#8220;off&#8220; background_color=&#8220;#ffffcc&#8220; allow_player_pause=&#8220;off&#8220; inner_shadow=&#8220;off&#8220; parallax=&#8220;off&#8220; parallax_method=&#8220;off&#8220; padding_mobile=&#8220;off&#8220; make_fullwidth=&#8220;off&#8220; use_custom_width=&#8220;off&#8220; width_unit=&#8220;on&#8220; make_equal=&#8220;off&#8220; use_custom_gutter=&#8220;off&#8220; custom_padding=&#8220;1px||1px|&#8220;][et_pb_row admin_label=&#8220;Zeile&#8220; make_fullwidth=&#8220;off&#8220; use_custom_width=&#8220;off&#8220; width_unit=&#8220;on&#8220; use_custom_gutter=&#8220;off&#8220; custom_padding=&#8220;1px||1px|&#8220; padding_mobile=&#8220;off&#8220; allow_player_pause=&#8220;off&#8220; parallax=&#8220;off&#8220; parallax_method=&#8220;off&#8220; make_equal=&#8220;off&#8220; parallax_1=&#8220;off&#8220; parallax_method_1=&#8220;off&#8220; column_padding_mobile=&#8220;on&#8220;][et_pb_column type=&#8220;4_4&#8243;][et_pb_pricing_tables admin_label=&#8220;Preise Kinesik&#8220; show_bullet=&#8220;on&#8220; center_list_items=&#8220;off&#8220; use_border_color=&#8220;off&#8220; border_color=&#8220;#ffffff&#8220; border_style=&#8220;solid&#8220; custom_button=&#8220;off&#8220; button_letter_spacing=&#8220;0&#8243; button_use_icon=&#8220;default&#8220; button_icon_placement=&#8220;right&#8220; button_on_hover=&#8220;on&#8220; button_letter_spacing_hover=&#8220;0&#8243; remove_featured_drop_shadow=&#8220;off&#8220;] [et_pb_pricing_table featured=&#8220;off&#8220; title=&#8220;Strukturelle Balance&#8220; subtitle=&#8220;Einzelbehandlung&#8220; currency=&#8220;\u20ac&#8220; sum=&#8220;120,00&#8243; header_font_select=&#8220;default&#8220; header_font=&#8220;||||&#8220; subheader_font_select=&#8220;default&#8220; subheader_font=&#8220;||||&#8220; currency_frequency_font_select=&#8220;default&#8220; currency_frequency_font=&#8220;||||&#8220; price_font_select=&#8220;default&#8220; price_font=&#8220;||||&#8220; body_font_select=&#8220;default&#8220; body_font=&#8220;||||&#8220; custom_button=&#8220;off&#8220; button_font_select=&#8220;default&#8220; button_font=&#8220;||||&#8220; button_use_icon=&#8220;default&#8220; button_icon_placement=&#8220;right&#8220; button_on_hover=&#8220;on&#8220; header_text_color=&#8220;#000000&#8243; price_text_color=&#8220;#000000&#8243; currency_frequency_font_size=&#8220;20px&#8220; currency_frequency_font_size_tablet=&#8220;20px&#8220; currency_frequency_font_size_phone=&#8220;20px&#8220; price_font_size=&#8220;48&#8243; price_font_size_tablet=&#8220;48&#8243; price_font_size_phone=&#8220;48&#8243; body_text_color=&#8220;#000000&#8243;]+ Umfassende Behandlung mit ausf\u00fchrlichem Vorgespr\u00e4ch und Anamnese<\/p>\n<p>+ Behandlungsdauer ca. 90 Minuten.<\/p>\n<p>[\/et_pb_pricing_table][et_pb_pricing_table featured=&#8220;on&#8220; title=&#8220;Strukturelle Balance 3er-Sequenz&#8220; subtitle=&#8220;3 Behandlungen&#8220; currency=&#8220;\u20ac&#8220; sum=&#8220;310,00&#8243; header_font_select=&#8220;default&#8220; header_font=&#8220;||||&#8220; subheader_font_select=&#8220;default&#8220; subheader_font=&#8220;||||&#8220; currency_frequency_font_select=&#8220;default&#8220; currency_frequency_font=&#8220;||||&#8220; price_font_select=&#8220;default&#8220; price_font=&#8220;||||&#8220; body_font_select=&#8220;default&#8220; body_font=&#8220;||||&#8220; custom_button=&#8220;off&#8220; button_font_select=&#8220;default&#8220; button_font=&#8220;||||&#8220; button_use_icon=&#8220;default&#8220; button_icon_placement=&#8220;right&#8220; button_on_hover=&#8220;on&#8220; price_font_size=&#8220;48&#8243; price_font_size_tablet=&#8220;48&#8243; price_font_size_phone=&#8220;48&#8243; header_text_color=&#8220;#000000&#8243; background_color=&#8220;#ffffff&#8220; price_text_color=&#8220;#16a085&#8243; body_text_color=&#8220;#000000&#8243;]+ Ausf\u00fchrliches Vorgespr\u00e4ch\u00a0\u00fcber Rolfing und strukturelle Balance<\/p>\n<p>+ Detaillierte Analyse der K\u00f6rperhaltung (Bodyreading) mit individuellem Behandlungsplan<\/p>\n<p>+ 3 umfangreiche Behandlungen von Fundament, Schultern und Wirbels\u00e4ule<br \/>\n+ Behandlungsdauer je Sequenz\u00a0ca. 90 Minuten<\/p>\n<p>+ Dokumentation des Behandlungserfolgs nach jeder Sequenz mit erneutem Bodyreading<\/p>\n<p>[\/et_pb_pricing_table][et_pb_pricing_table featured=&#8220;off&#8220; title=&#8220;Folgebehandlung&#8220; subtitle=&#8220;nach einer 3er Sequenz&#8220; currency=&#8220;\u20ac&#8220; sum=&#8220;90,00&#8243; header_font_select=&#8220;default&#8220; header_font=&#8220;||||&#8220; subheader_font_select=&#8220;default&#8220; subheader_font=&#8220;||||&#8220; currency_frequency_font_select=&#8220;default&#8220; currency_frequency_font=&#8220;||||&#8220; price_font_select=&#8220;default&#8220; price_font=&#8220;||||&#8220; body_font_select=&#8220;default&#8220; body_font=&#8220;||||&#8220; custom_button=&#8220;off&#8220; button_font_select=&#8220;default&#8220; button_font=&#8220;||||&#8220; button_use_icon=&#8220;default&#8220; button_icon_placement=&#8220;right&#8220; button_on_hover=&#8220;on&#8220; price_font_size=&#8220;48&#8243; price_font_size_tablet=&#8220;48&#8243; price_font_size_phone=&#8220;48&#8243; price_text_color=&#8220;#000000&#8243; header_text_color=&#8220;#000000&#8243; body_text_color=&#8220;#000000&#8243;]+ Individuelle Fortsetzung der Behandlungen mit Schwerpunkt auf verbleibende Beschwerden<\/p>\n<p>+ Behandlungsdauer ca. 90 Minuten<\/p>\n<p>[\/et_pb_pricing_table] [\/et_pb_pricing_tables][\/et_pb_column][\/et_pb_row][et_pb_row admin_label=&#8220;Zeile&#8220; make_fullwidth=&#8220;off&#8220; use_custom_width=&#8220;off&#8220; width_unit=&#8220;on&#8220; use_custom_gutter=&#8220;off&#8220; custom_padding=&#8220;1px|1px|1px|1px&#8220; padding_mobile=&#8220;off&#8220; allow_player_pause=&#8220;off&#8220; parallax=&#8220;off&#8220; parallax_method=&#8220;off&#8220; make_equal=&#8220;off&#8220; parallax_1=&#8220;off&#8220; parallax_method_1=&#8220;off&#8220; column_padding_mobile=&#8220;on&#8220; padding_right_1=&#8220;1px&#8220; padding_left_1=&#8220;1px&#8220;][et_pb_column type=&#8220;4_4&#8243;][et_pb_blurb admin_label=&#8220;Kostenerstattung&#8220; title=&#8220;Hinweis zur Kostenerstattung&#8220; url_new_window=&#8220;off&#8220; use_icon=&#8220;off&#8220; icon_color=&#8220;#9ad6d1&#8243; use_circle=&#8220;off&#8220; circle_color=&#8220;#9ad6d1&#8243; use_circle_border=&#8220;off&#8220; circle_border_color=&#8220;#9ad6d1&#8243; icon_placement=&#8220;top&#8220; animation=&#8220;top&#8220; background_layout=&#8220;light&#8220; text_orientation=&#8220;justified&#8220; use_icon_font_size=&#8220;off&#8220; use_border_color=&#8220;off&#8220; border_color=&#8220;#ffffff&#8220; border_style=&#8220;solid&#8220; background_color=&#8220;#f7f5ef&#8220; saved_tabs=&#8220;all&#8220; custom_margin=&#8220;1px|1px|1px|1px&#8220; custom_padding=&#8220;1px|1px|1px|1px&#8220;]<\/p>\n<p>\u00c4hnlich den Behandlungen zu\u00a0 Hom\u00f6opathie und Heilpraktiker haben es aktuell leider etliche Krankenkassen bisher nicht geschafft die Anwendung der Strukturellen Balance bzw. Rolfing\u00a0in den jeweiligen Leistungskatalog f\u00fcr ihre Versicherten aufzunehmen. Bitte erkundigen Sie sich auf jeden Fall vor einer Anwendung bei Ihrer Krankenkasse \u00fcber eine m\u00f6gliche Kostenerstattung, da meine Behandlung direkt mit Ihnen abgerechnet wird.<\/p>\n<p>[\/et_pb_blurb][\/et_pb_column][\/et_pb_row][\/et_pb_section][et_pb_section admin_label=&#8220;section&#8220; transparent_background=&#8220;off&#8220; allow_player_pause=&#8220;off&#8220; inner_shadow=&#8220;off&#8220; parallax=&#8220;off&#8220; parallax_method=&#8220;off&#8220; custom_padding=&#8220;1px|||&#8220; padding_mobile=&#8220;off&#8220; make_fullwidth=&#8220;off&#8220; use_custom_width=&#8220;off&#8220; width_unit=&#8220;on&#8220; make_equal=&#8220;off&#8220; use_custom_gutter=&#8220;off&#8220;][et_pb_row admin_label=&#8220;row&#8220; make_fullwidth=&#8220;off&#8220; use_custom_width=&#8220;off&#8220; width_unit=&#8220;off&#8220; use_custom_gutter=&#8220;off&#8220; padding_mobile=&#8220;off&#8220; allow_player_pause=&#8220;off&#8220; parallax=&#8220;off&#8220; parallax_method=&#8220;on&#8220; make_equal=&#8220;off&#8220; column_padding_mobile=&#8220;on&#8220; parallax_1=&#8220;off&#8220; parallax_method_1=&#8220;on&#8220; parallax_2=&#8220;off&#8220; parallax_method_2=&#8220;on&#8220; parallax_3=&#8220;off&#8220; parallax_method_3=&#8220;on&#8220; parallax_4=&#8220;off&#8220; parallax_method_4=&#8220;on&#8220; disabled=&#8220;off&#8220;][et_pb_column type=&#8220;1_2&#8243;][et_pb_text admin_label=&#8220;Text&#8220; background_layout=&#8220;light&#8220; text_orientation=&#8220;center&#8220; use_border_color=&#8220;off&#8220; border_style=&#8220;solid&#8220; disabled=&#8220;off&#8220; border_color=&#8220;#ffffff&#8220;]<\/p>\n<h3>Ihr Faszien-Therapeut:<\/h3>\n<p>[\/et_pb_text][et_pb_image admin_label=&#8220;Bild_WW&#8220; src=&#8220;https:\/\/wohlbehandelt.de\/wp-content\/uploads\/2017\/03\/Bild-4_WW.png&#8220; alt=&#8220;\u00fcber mich&#8220; title_text=&#8220;\u00fcber mich&#8220; show_in_lightbox=&#8220;off&#8220; url=&#8220;http:\/\/fastitut.de\/?page_id=688&#8243; url_new_window=&#8220;off&#8220; use_overlay=&#8220;on&#8220; animation=&#8220;fade_in&#8220; sticky=&#8220;on&#8220; align=&#8220;center&#8220; force_fullwidth=&#8220;off&#8220; always_center_on_mobile=&#8220;on&#8220; use_border_color=&#8220;off&#8220; border_color=&#8220;#ffffff&#8220; border_style=&#8220;solid&#8220; hover_overlay_color=&#8220;rgba(255,255,255,0)&#8220; hover_icon=&#8220;%%372%%&#8220;] [\/et_pb_image][\/et_pb_column][et_pb_column type=&#8220;1_2&#8243;][et_pb_button admin_label=&#8220;Taste Kontakt&#8220; saved_tabs=&#8220;all&#8220; url_new_window=&#8220;off&#8220; button_text=&#8220;Kontakt und Termine&#8220; button_alignment=&#8220;center&#8220; background_layout=&#8220;light&#8220; custom_button=&#8220;off&#8220; button_letter_spacing=&#8220;0&#8243; button_use_icon=&#8220;default&#8220; button_icon_placement=&#8220;right&#8220; button_on_hover=&#8220;on&#8220; button_letter_spacing_hover=&#8220;0&#8243; button_url=&#8220;https:\/\/wohlbehandelt.de\/?page_id=334&#8243;] [\/et_pb_button][et_pb_divider admin_label=&#8220;Teiler&#8220; color=&#8220;#f7f5ef&#8220; show_divider=&#8220;on&#8220; divider_style=&#8220;solid&#8220; divider_position=&#8220;top&#8220; hide_on_mobile=&#8220;off&#8220; height=&#8220;10&#8243; divider_weight=&#8220;5px&#8220; saved_tabs=&#8220;all&#8220;] [\/et_pb_divider][et_pb_text admin_label=&#8220;Text&#8220; background_layout=&#8220;light&#8220; text_orientation=&#8220;center&#8220; use_border_color=&#8220;off&#8220; border_style=&#8220;solid&#8220; disabled=&#8220;off&#8220; border_color=&#8220;#ffffff&#8220;]<\/p>\n<h3>Strukturelle Balance kennen lernen:<\/h3>\n<p>[\/et_pb_text][et_pb_contact_form admin_label=&#8220;Kontaktformular&#8220; captcha=&#8220;on&#8220; email=&#8220;wolfgang@wohlbehandelt.de&#8220; use_redirect=&#8220;off&#8220; input_border_radius=&#8220;0&#8243; module_id=&#8220;et_pb_contact_form_0&#8243; use_border_color=&#8220;off&#8220; border_color=&#8220;#ffffff&#8220; border_style=&#8220;solid&#8220; custom_button=&#8220;off&#8220; button_use_icon=&#8220;on&#8220; button_icon_placement=&#8220;right&#8220; button_on_hover=&#8220;on&#8220; button_letter_spacing_hover=&#8220;0&#8243; disabled=&#8220;off&#8220; button_letter_spacing=&#8220;0&#8243;] [et_pb_contact_field field_id=&#8220;Name&#8220; field_title=&#8220;Name&#8220; field_type=&#8220;input&#8220; required_mark=&#8220;on&#8220; fullwidth_field=&#8220;off&#8220; input_border_radius=&#8220;0&#8243; disabled=&#8220;off&#8220;][\/et_pb_contact_field][et_pb_contact_field field_id=&#8220;Email&#8220; field_title=&#8220;E-Mail-Adresse&#8220; field_type=&#8220;email&#8220; required_mark=&#8220;on&#8220; fullwidth_field=&#8220;off&#8220; input_border_radius=&#8220;0&#8243; disabled=&#8220;off&#8220;][\/et_pb_contact_field][et_pb_contact_field field_id=&#8220;Message&#8220; field_title=&#8220;Nachricht&#8220; field_type=&#8220;text&#8220; required_mark=&#8220;on&#8220; fullwidth_field=&#8220;on&#8220; input_border_radius=&#8220;0&#8243; disabled=&#8220;off&#8220;][\/et_pb_contact_field] [\/et_pb_contact_form][\/et_pb_column][\/et_pb_row][\/et_pb_section]<\/p>\n","protected":false},"excerpt":{"rendered":"<p>Wir bieten mit unserem speziellen Therapieangebot \u201eStrukturelle Balance in drei Schritten\u201c ein speziell auf die k\u00f6rperliche Balance ausgerichtete, ganzheitliche Behandlung der \u00e4u\u00dferen und tiefen Faszien. Ziel der Behandlung \u201eStrukturelle Balance in drei Schritten\u201c ist es, Blockaden der Faszien zu l\u00f6sen und die Gleitf\u00e4higkeit des Gewebes zu verbessern, so dass sich Bewegungen anschlie\u00dfend leichter, weniger verspannt [&hellip;]<\/p>\n","protected":false},"author":1,"featured_media":0,"parent":0,"menu_order":0,"comment_status":"closed","ping_status":"closed","template":"","meta":{"_et_pb_use_builder":"on","_et_pb_old_content":"","_et_gb_content_width":"","footnotes":""},"class_list":["post-542","page","type-page","status-publish","hentry"],"_links":{"self":[{"href":"https:\/\/wohlbehandelt.de\/index.php?rest_route=\/wp\/v2\/pages\/542","targetHints":{"allow":["GET"]}}],"collection":[{"href":"https:\/\/wohlbehandelt.de\/index.php?rest_route=\/wp\/v2\/pages"}],"about":[{"href":"https:\/\/wohlbehandelt.de\/index.php?rest_route=\/wp\/v2\/types\/page"}],"author":[{"embeddable":true,"href":"https:\/\/wohlbehandelt.de\/index.php?rest_route=\/wp\/v2\/users\/1"}],"replies":[{"embeddable":true,"href":"https:\/\/wohlbehandelt.de\/index.php?rest_route=%2Fwp%2Fv2%2Fcomments&post=542"}],"version-history":[{"count":9,"href":"https:\/\/wohlbehandelt.de\/index.php?rest_route=\/wp\/v2\/pages\/542\/revisions"}],"predecessor-version":[{"id":776,"href":"https:\/\/wohlbehandelt.de\/index.php?rest_route=\/wp\/v2\/pages\/542\/revisions\/776"}],"wp:attachment":[{"href":"https:\/\/wohlbehandelt.de\/index.php?rest_route=%2Fwp%2Fv2%2Fmedia&parent=542"}],"curies":[{"name":"wp","href":"https:\/\/api.w.org\/{rel}","templated":true}]}}