{"id":778,"date":"2017-04-21T13:39:36","date_gmt":"2017-04-21T13:39:36","guid":{"rendered":"http:\/\/wohlbehandelt.de\/?page_id=778"},"modified":"2017-04-24T08:42:42","modified_gmt":"2017-04-24T08:42:42","slug":"strukturelle-integration","status":"publish","type":"page","link":"https:\/\/wohlbehandelt.de\/?page_id=778","title":{"rendered":"Strukturelle Integration"},"content":{"rendered":"<p>[et_pb_section admin_label=&#8220;section&#8220; fullwidth=&#8220;on&#8220; specialty=&#8220;off&#8220; transparent_background=&#8220;off&#8220; allow_player_pause=&#8220;off&#8220; inner_shadow=&#8220;off&#8220; parallax=&#8220;off&#8220; parallax_method=&#8220;off&#8220; custom_padding=&#8220;1px|||&#8220; padding_mobile=&#8220;off&#8220; make_fullwidth=&#8220;off&#8220; use_custom_width=&#8220;off&#8220; width_unit=&#8220;on&#8220; make_equal=&#8220;off&#8220; use_custom_gutter=&#8220;off&#8220;][et_pb_fullwidth_slider admin_label=&#8220;Vollbreiter Slider&#8220; show_arrows=&#8220;off&#8220; show_pagination=&#8220;on&#8220; auto=&#8220;off&#8220; parallax=&#8220;off&#8220; parallax_method=&#8220;on&#8220; module_id=&#8220;sliderleft&#8220; auto_ignore_hover=&#8220;off&#8220; remove_inner_shadow=&#8220;off&#8220; background_position=&#8220;default&#8220; background_size=&#8220;default&#8220; hide_content_on_mobile=&#8220;off&#8220; hide_cta_on_mobile=&#8220;off&#8220; show_image_video_mobile=&#8220;off&#8220; custom_button=&#8220;on&#8220; button_text_color=&#8220;#ffffff&#8220; button_bg_color=&#8220;#16a085&#8243; button_border_radius=&#8220;0&#8243; button_letter_spacing=&#8220;0&#8243; button_use_icon=&#8220;default&#8220; button_icon_placement=&#8220;right&#8220; button_on_hover=&#8220;on&#8220; button_letter_spacing_hover=&#8220;0&#8243; top_padding=&#8220;1px&#8220;] [et_pb_slide background_color=&#8220;#ffffff&#8220; alignment=&#8220;bottom&#8220; background_layout=&#8220;light&#8220; allow_player_pause=&#8220;off&#8220; background_position=&#8220;default&#8220; background_size=&#8220;default&#8220; use_bg_overlay=&#8220;off&#8220; use_text_overlay=&#8220;off&#8220; text_border_radius=&#8220;3&#8243; header_font_select=&#8220;default&#8220; header_font=&#8220;||||&#8220; body_font_select=&#8220;default&#8220; body_font=&#8220;||||&#8220; custom_button=&#8220;off&#8220; button_font_select=&#8220;default&#8220; button_font=&#8220;||||&#8220; button_use_icon=&#8220;default&#8220; button_icon_placement=&#8220;right&#8220; button_on_hover=&#8220;on&#8220; admin_title=&#8220;Strukturelle Integration&#8220; heading=&#8220;Strukturelle Integration&#8220; image=&#8220;https:\/\/wohlbehandelt.de\/wp-content\/uploads\/2017\/04\/Strukturelle-Integration.jpg&#8220; header_font_size=&#8220;40&#8243; header_font_size_tablet=&#8220;40&#8243; header_font_size_phone=&#8220;40&#8243;]<\/p>\n<p style=\"text-align: center;\">Wir bieten mit unserem speziellen Therapieangebot \u201e<b>Strukturelle Integration\u00a0in zw\u00f6lf Schritten<\/b>\u201c eine besonders intensive Behandlung ihrer Faszien. Diese Behandlung richtet sich insbesondere\u00a0an Personen mit lang andauernden Beschwerden bzw. ausgepr\u00e4gten Fehlhaltungen. Die besonders umfangreiche Behandlung der \u00e4u\u00dferen und inneren Faszien ist speziell\u00a0dazu geeignet auch bereits seit langem bestehende Ver\u00e4nderungen in der K\u00f6rperhaltung zu l\u00f6sen,\u00a0so dass sich Bewegungen anschlie\u00dfend leichter, weniger verspannt und weniger schmerzhaft anf\u00fchlen k\u00f6nnen.<\/p>\n<p>[\/et_pb_slide] [\/et_pb_fullwidth_slider][\/et_pb_section][et_pb_section admin_label=&#8220;section&#8220; fullwidth=&#8220;off&#8220; specialty=&#8220;off&#8220; transparent_background=&#8220;off&#8220; background_color=&#8220;#ffffcc&#8220; allow_player_pause=&#8220;off&#8220; inner_shadow=&#8220;off&#8220; parallax=&#8220;off&#8220; parallax_method=&#8220;off&#8220; padding_mobile=&#8220;off&#8220; make_fullwidth=&#8220;off&#8220; use_custom_width=&#8220;off&#8220; width_unit=&#8220;on&#8220; make_equal=&#8220;off&#8220; use_custom_gutter=&#8220;off&#8220; custom_padding=&#8220;||1px|&#8220;][et_pb_row admin_label=&#8220;row&#8220; make_fullwidth=&#8220;off&#8220; use_custom_width=&#8220;off&#8220; width_unit=&#8220;on&#8220; use_custom_gutter=&#8220;off&#8220; custom_padding=&#8220;1px|||&#8220; allow_player_pause=&#8220;off&#8220; parallax=&#8220;off&#8220; parallax_method=&#8220;off&#8220; make_equal=&#8220;off&#8220; parallax_1=&#8220;off&#8220; parallax_method_1=&#8220;off&#8220; parallax_2=&#8220;off&#8220; parallax_method_2=&#8220;off&#8220; parallax_3=&#8220;off&#8220; parallax_method_3=&#8220;off&#8220; column_padding_mobile=&#8220;on&#8220; custom_margin=&#8220;1px|||&#8220;][et_pb_column type=&#8220;1_3&#8243;][et_pb_blurb admin_label=&#8220;Informationstext&#8220; title=&#8220;Ursachen statt Symptome behandeln !&#8220; url_new_window=&#8220;off&#8220; use_icon=&#8220;off&#8220; font_icon=&#8220;\ue0e9&#8220; icon_color=&#8220;#16a085&#8243; use_circle=&#8220;off&#8220; circle_color=&#8220;#16a085&#8243; use_circle_border=&#8220;off&#8220; circle_border_color=&#8220;#16a085&#8243; icon_placement=&#8220;top&#8220; animation=&#8220;top&#8220; background_layout=&#8220;light&#8220; text_orientation=&#8220;center&#8220; use_icon_font_size=&#8220;off&#8220; use_border_color=&#8220;off&#8220; border_color=&#8220;#ffffff&#8220; border_style=&#8220;solid&#8220; header_font_size=&#8220;24&#8243; custom_padding=&#8220;1px|||&#8220;]<\/p>\n<p>Unser Alltag wird mehr und mehr durch T\u00e4tigkeiten mit geringer oder einseitiger k\u00f6rperlicher Belastung bestimmt.<\/p>\n<p>Bedauerlicherweise passt sich die Struktur unseres K\u00f6rpers unseren Lebensumst\u00e4nden an, durch bewegungsarme Haltungen verschieben sich \u00fcber die Zeit die Schwerpunkte einzelner K\u00f6rperregionen (z.B. des R\u00fcckens, der Schultern, des Becken). Nach einiger Zeit verfestigen sich diese Ver\u00e4nderungen,\u00a0und um die aktuellen Beschwerden zu verbessern\u00a0m\u00fcssen die Ursachen, sprich die ver\u00e4nderten K\u00f6rperhaltungen \u00a0behandelt werden.<\/p>\n<p>[\/et_pb_blurb][\/et_pb_column][et_pb_column type=&#8220;1_3&#8243;][et_pb_image admin_label=&#8220;Bild&#8220; src=&#8220;https:\/\/wohlbehandelt.de\/wp-content\/uploads\/2017\/04\/Figur_17.jpg&#8220; show_in_lightbox=&#8220;off&#8220; url_new_window=&#8220;off&#8220; use_overlay=&#8220;off&#8220; animation=&#8220;fade_in&#8220; sticky=&#8220;off&#8220; align=&#8220;left&#8220; force_fullwidth=&#8220;off&#8220; always_center_on_mobile=&#8220;on&#8220; use_border_color=&#8220;off&#8220; border_color=&#8220;#ffffff&#8220; border_style=&#8220;solid&#8220;] [\/et_pb_image][\/et_pb_column][et_pb_column type=&#8220;1_3&#8243;][et_pb_blurb admin_label=&#8220;Informationstext&#8220; title=&#8220;Schwerpunkte verschieben sich dauerhaft !&#8220; url_new_window=&#8220;off&#8220; use_icon=&#8220;off&#8220; font_icon=&#8220;\ue0e9&#8220; icon_color=&#8220;#16a085&#8243; use_circle=&#8220;off&#8220; circle_color=&#8220;#16a085&#8243; use_circle_border=&#8220;off&#8220; circle_border_color=&#8220;#16a085&#8243; icon_placement=&#8220;top&#8220; animation=&#8220;top&#8220; background_layout=&#8220;light&#8220; text_orientation=&#8220;center&#8220; use_icon_font_size=&#8220;off&#8220; use_border_color=&#8220;off&#8220; border_color=&#8220;#ffffff&#8220; border_style=&#8220;solid&#8220; header_font_size=&#8220;24&#8243; custom_padding=&#8220;1px|||&#8220;]<\/p>\n<p>Lang anhaltende\u00a0strukturellen \u00c4nderungen der K\u00f6rperschwerpunkte entstehen durch berufsbedingte\u00a0Fehlhaltung, nicht ausreichend behandelte Unf\u00e4lle oder Stress und f\u00fchren im Verlauf l\u00e4ngerer Zeit zu einer dauerhaften Verschiebung der verschiedenen K\u00f6rperabschnitte untereinander.<\/p>\n<p>Dies wiederum hat einseitige Belastungen von Gelenke, Wirbel und Faszien zur Folge, die darauf nicht ausgelegt sind. Und das beg\u00fcnstigt \u00fcberm\u00e4\u00dfiger Verschlei\u00df, Schmerz und Bewegungseinschr\u00e4nkungen.<\/p>\n<p>[\/et_pb_blurb][\/et_pb_column][\/et_pb_row][\/et_pb_section][et_pb_section admin_label=&#8220;section&#8220; fullwidth=&#8220;off&#8220; specialty=&#8220;off&#8220; transparent_background=&#8220;off&#8220; allow_player_pause=&#8220;off&#8220; inner_shadow=&#8220;off&#8220; parallax=&#8220;off&#8220; parallax_method=&#8220;off&#8220; padding_mobile=&#8220;off&#8220; make_fullwidth=&#8220;off&#8220; use_custom_width=&#8220;off&#8220; width_unit=&#8220;on&#8220; make_equal=&#8220;off&#8220; use_custom_gutter=&#8220;off&#8220; custom_padding=&#8220;1px||1px|&#8220;][et_pb_row admin_label=&#8220;row&#8220; make_fullwidth=&#8220;off&#8220; use_custom_width=&#8220;off&#8220; width_unit=&#8220;on&#8220; use_custom_gutter=&#8220;off&#8220; padding_mobile=&#8220;off&#8220; custom_margin=&#8220;0px|||&#8220; allow_player_pause=&#8220;off&#8220; parallax=&#8220;off&#8220; parallax_method=&#8220;off&#8220; make_equal=&#8220;off&#8220; parallax_1=&#8220;off&#8220; parallax_method_1=&#8220;off&#8220; parallax_2=&#8220;off&#8220; parallax_method_2=&#8220;off&#8220; column_padding_mobile=&#8220;on&#8220; custom_padding=&#8220;0px||0px|&#8220;][et_pb_column type=&#8220;2_3&#8243;][et_pb_blurb admin_label=&#8220;Informationstext&#8220; title=&#8220;Die K\u00f6rperregionen integrieren !&#8220; url_new_window=&#8220;off&#8220; use_icon=&#8220;off&#8220; font_icon=&#8220;\ue0e9&#8220; icon_color=&#8220;#16a085&#8243; use_circle=&#8220;off&#8220; circle_color=&#8220;#16a085&#8243; use_circle_border=&#8220;off&#8220; circle_border_color=&#8220;#16a085&#8243; icon_placement=&#8220;top&#8220; animation=&#8220;top&#8220; background_layout=&#8220;light&#8220; text_orientation=&#8220;justified&#8220; use_icon_font_size=&#8220;off&#8220; use_border_color=&#8220;off&#8220; border_color=&#8220;#ffffff&#8220; border_style=&#8220;solid&#8220; header_font_size=&#8220;24&#8243;]<\/p>\n<p>Durch gezielte Behandlungen k\u00f6nnen diese strukturellen Ver\u00e4nderungen\u00a0korrigiert und den verschiedenen Regionen ihres\u00a0K\u00f6rpers (z.B Schultern, H\u00fcfte, F\u00fc\u00dfe) ihre\u00a0urspr\u00fcngliche Struktur\u00a0wieder geben werden. Wir nennen dies \u201eStrukturelle Integration\u201c oder \u201eStructural Bodywork\u201c. Ziel der strukturellen Integration\u00a0ist die Initiierung eines Ver\u00e4nderungsprozesses hin zu einer aufrechten\u00a0Haltung, Verringerung von Schmerzen, verbesserte Bewegung und Sch\u00e4rfung Ihrer Wahrnehmung \u00fcber g\u00fcnstige bzw. ung\u00fcnstige Haltung.<\/p>\n<p>Eine Behandlung zur Strukturelle Integration\u00a0ist besonders darauf ausgelegt bereits seit langem im K\u00f6rper verankerte Fehlhaltungen zu l\u00f6sen und die verschiedenen K\u00f6rperregionen in ein ausgeglichenes Verh\u00e4ltnis zueinander zu bringen.<\/p>\n<p>[\/et_pb_blurb][\/et_pb_column][et_pb_column type=&#8220;1_3&#8243;][et_pb_image admin_label=&#8220;Bild&#8220; src=&#8220;https:\/\/wohlbehandelt.de\/wp-content\/uploads\/2017\/03\/Figur_11.png&#8220; show_in_lightbox=&#8220;off&#8220; url_new_window=&#8220;off&#8220; use_overlay=&#8220;off&#8220; animation=&#8220;right&#8220; sticky=&#8220;off&#8220; align=&#8220;left&#8220; force_fullwidth=&#8220;off&#8220; always_center_on_mobile=&#8220;on&#8220; use_border_color=&#8220;off&#8220; border_color=&#8220;#ffffff&#8220; border_style=&#8220;solid&#8220;] [\/et_pb_image][\/et_pb_column][\/et_pb_row][\/et_pb_section][et_pb_section admin_label=&#8220;Sektion&#8220; fullwidth=&#8220;off&#8220; specialty=&#8220;off&#8220; transparent_background=&#8220;off&#8220; background_color=&#8220;#ffffcc&#8220; allow_player_pause=&#8220;off&#8220; inner_shadow=&#8220;off&#8220; parallax=&#8220;off&#8220; parallax_method=&#8220;off&#8220; padding_mobile=&#8220;off&#8220; make_fullwidth=&#8220;off&#8220; use_custom_width=&#8220;off&#8220; width_unit=&#8220;on&#8220; make_equal=&#8220;off&#8220; use_custom_gutter=&#8220;off&#8220; custom_padding=&#8220;1px||1px|&#8220;][et_pb_row admin_label=&#8220;Zeile&#8220;][et_pb_column type=&#8220;4_4&#8243;][et_pb_blurb admin_label=&#8220;Therapieangebot&#8220; title=&#8220;Unser Therapieangebot&#8220; url_new_window=&#8220;off&#8220; use_icon=&#8220;off&#8220; icon_color=&#8220;#9ad6d1&#8243; use_circle=&#8220;off&#8220; circle_color=&#8220;#9ad6d1&#8243; use_circle_border=&#8220;off&#8220; circle_border_color=&#8220;#9ad6d1&#8243; icon_placement=&#8220;top&#8220; animation=&#8220;top&#8220; background_layout=&#8220;light&#8220; text_orientation=&#8220;justified&#8220; use_icon_font_size=&#8220;off&#8220; use_border_color=&#8220;off&#8220; border_color=&#8220;#ffffff&#8220; border_style=&#8220;solid&#8220; header_font_size=&#8220;24&#8243;]<\/p>\n<p>Wir bieten mit unserem speziellen Therapieangebot \u201e<strong><em>Strukturelle Integration\u00a0in zw\u00f6lf\u00a0Schritten<\/em><\/strong>\u201c ein speziell auf die\u00a0Integration aller K\u00f6rperregionen\u00a0ausgerichtete, ganzheitliche Behandlung der \u00e4u\u00dferen und tiefen Faszien. Ziel der Behandlung \u201e<strong><em>Strukturelle Balance in zw\u00f6lf\u00a0Schritten<\/em><\/strong>\u201c ist es, die seit langem im K\u00f6rper etablierten Fehlhaltungen aufzul\u00f6sen und die einzelnen K\u00f6rperregionen in ein ausgeglichenes Verh\u00e4ltnis zu bringen. Ein ausgeglichenes Gleichgewicht der K\u00f6rperregionen l\u00f6st lang anhaltende Blockaden und Verspannungen und erm\u00f6glicht so die Reduzierung der mit den Blockaden verbundenen Schmerzen.<\/p>\n<p>Hierbei bieten wir 12 aufeinander aufbauende Behandlungsabl\u00e4ufe,\u00a0die zielgerichtet entsprechend Ihrer pers\u00f6nlichen Situation eingesetzt werden. Wichtig ist es, den gesamten K\u00f6rper anzusprechen, da nur so eine umfassende Verbesserung erm\u00f6glicht wird..<\/p>\n<p>Die Behandlung \u201e<em><strong>Strukturelle Balance in zw\u00f6lf\u00a0Schritten<\/strong><\/em>\u201c besteht aus einer Gruppe\u00a0von drei aufeinander aufbauenden Behandlungsabschnitten, jeder Behandlungsabschnitt besteht aus 4 Sitzungen.\u00a0Eine Sitzungen dauert\u00a0ca. 90 Minuten, jede Sitzung fokussiert sich auf besondere K\u00f6rperregionen:<\/p>\n<p>[\/et_pb_blurb][\/et_pb_column][\/et_pb_row][et_pb_row admin_label=&#8220;Zeile&#8220; make_fullwidth=&#8220;off&#8220; use_custom_width=&#8220;off&#8220; width_unit=&#8220;on&#8220; use_custom_gutter=&#8220;off&#8220; padding_mobile=&#8220;off&#8220; allow_player_pause=&#8220;off&#8220; parallax=&#8220;off&#8220; parallax_method=&#8220;off&#8220; make_equal=&#8220;off&#8220; parallax_1=&#8220;off&#8220; parallax_method_1=&#8220;off&#8220; column_padding_mobile=&#8220;on&#8220;][et_pb_column type=&#8220;4_4&#8243;][et_pb_slider admin_label=&#8220;12er Sequenz&#8220; show_arrows=&#8220;on&#8220; show_pagination=&#8220;on&#8220; auto=&#8220;on&#8220; auto_ignore_hover=&#8220;off&#8220; parallax=&#8220;off&#8220; parallax_method=&#8220;off&#8220; remove_inner_shadow=&#8220;off&#8220; background_position=&#8220;default&#8220; background_size=&#8220;default&#8220; hide_content_on_mobile=&#8220;off&#8220; hide_cta_on_mobile=&#8220;off&#8220; show_image_video_mobile=&#8220;off&#8220; custom_button=&#8220;off&#8220; button_letter_spacing=&#8220;0&#8243; button_use_icon=&#8220;default&#8220; button_icon_placement=&#8220;right&#8220; button_on_hover=&#8220;on&#8220; button_letter_spacing_hover=&#8220;0&#8243; auto_speed=&#8220;8000&#8243; header_font_size=&#8220;36&#8243;] [et_pb_slide heading=&#8220;Abschnitt 1: Die \u00e4u\u00dferen Faszien&#8220; background_position=&#8220;default&#8220; background_size=&#8220;default&#8220; background_color=&#8220;#ffffff&#8220; image=&#8220;https:\/\/wohlbehandelt.de\/wp-content\/uploads\/2017\/03\/Figur_7a.png&#8220; use_bg_overlay=&#8220;off&#8220; use_text_overlay=&#8220;off&#8220; alignment=&#8220;center&#8220; background_layout=&#8220;light&#8220; allow_player_pause=&#8220;off&#8220; admin_title=&#8220;Abschnitt 1&#8243; text_border_radius=&#8220;3&#8243; header_font_select=&#8220;default&#8220; header_font=&#8220;||||&#8220; body_font_select=&#8220;default&#8220; body_font=&#8220;||||&#8220; custom_button=&#8220;off&#8220; button_font_select=&#8220;default&#8220; button_font=&#8220;||||&#8220; button_use_icon=&#8220;default&#8220; button_icon_placement=&#8220;right&#8220; button_on_hover=&#8220;on&#8220; image_alt=&#8220;Behandlungsabschnitt 1: Die \u00e4u\u00dferen Faszien&#8220; header_font_size=&#8220;24&#8243; header_font_size_tablet=&#8220;24&#8243; header_font_size_phone=&#8220;24&#8243; body_font_size=&#8220;14&#8243; body_font_size_tablet=&#8220;12&#8243; body_font_size_phone=&#8220;12&#8243;]<\/p>\n<p>Die ersten vier Sitzungen konzentrieren sich auf Bockaden und Verspannungen im \u00e4u\u00dferen Faszengewebe: die Vorderseite, von den F\u00fc\u00dfen bis zum Kopf, die R\u00fcckseite von der Ferse bis zum Nacken, die Seitenbereiche, insbesondere im H\u00fcft- und Schulterbereich, sowie die quer \u00fcber den K\u00f6rper verlaufenden Faszien im Oberk\u00f6rper. Jede Sitzung konzentriert sich auf einen dieser \u00e4u\u00dferen Bereiche.<\/p>\n<p>Nach Abschluss dieses Behandlungsabschnitts sind Verspannungen soweit gel\u00f6st, das Bewegungen leichter und fl\u00fcssiger sind und Ihr K\u00f6rper bereit ist f\u00fcr die Anwendungen der n\u00e4chsten Phase.<\/p>\n<p>[\/et_pb_slide][et_pb_slide heading=&#8220;Abschnitt 2: Die Mitte&#8220; background_position=&#8220;default&#8220; background_size=&#8220;default&#8220; background_color=&#8220;#ffffff&#8220; image=&#8220;https:\/\/wohlbehandelt.de\/wp-content\/uploads\/2017\/03\/Figur_8a.png&#8220; use_bg_overlay=&#8220;off&#8220; use_text_overlay=&#8220;off&#8220; alignment=&#8220;center&#8220; background_layout=&#8220;light&#8220; allow_player_pause=&#8220;off&#8220; admin_title=&#8220;Abschnitt 2&#8243; text_border_radius=&#8220;3&#8243; header_font_select=&#8220;default&#8220; header_font=&#8220;||||&#8220; body_font_select=&#8220;default&#8220; body_font=&#8220;||||&#8220; custom_button=&#8220;off&#8220; button_font_select=&#8220;default&#8220; button_font=&#8220;||||&#8220; button_use_icon=&#8220;default&#8220; button_icon_placement=&#8220;right&#8220; button_on_hover=&#8220;on&#8220; header_font_size=&#8220;24&#8243; image_alt=&#8220;Abschnitt 2: Die Mitte&#8220; body_font_size=&#8220;14&#8243; body_font_size_tablet=&#8220;14&#8243; body_font_size_phone=&#8220;14&#8243; header_font_size_tablet=&#8220;24&#8243; header_font_size_phone=&#8220;24&#8243;]<\/p>\n<p>Im zweiten Behandlungsabschnitt werden in den jeweils vier Sitzungen die tieferen Faszienschichten und die\u00a0K\u00f6rpermitte angesprochen: die tiefen Faszien der Oberschenkel, Rumpf und R\u00fccken sowie die tief liegenden Faszien von Oberk\u00f6rper, Hals und Nacken. Dieser Behandlungsabschnitt ist sehr intensiv und erreicht Regionen, die in anderen Behandlungsmethoden nicht angesprochen werden. Dies unterst\u00fctzt eine lang anhaltende Neuorientierung der K\u00f6rperregionen. Der K\u00f6rper kann sich aufrichten und eine neue Haltung einnehmen.<\/p>\n<p>[\/et_pb_slide][et_pb_slide heading=&#8220;Abschnitt 3: Die Integration&#8220; background_position=&#8220;default&#8220; background_size=&#8220;default&#8220; background_color=&#8220;#ffffff&#8220; image=&#8220;https:\/\/wohlbehandelt.de\/wp-content\/uploads\/2017\/03\/Figur_5a.png&#8220; use_bg_overlay=&#8220;off&#8220; use_text_overlay=&#8220;off&#8220; alignment=&#8220;center&#8220; background_layout=&#8220;light&#8220; allow_player_pause=&#8220;off&#8220; admin_title=&#8220;Abschnitt 3&#8243; text_border_radius=&#8220;3&#8243; header_font_select=&#8220;default&#8220; header_font=&#8220;||||&#8220; body_font_select=&#8220;default&#8220; body_font=&#8220;||||&#8220; custom_button=&#8220;off&#8220; button_font_select=&#8220;default&#8220; button_font=&#8220;||||&#8220; button_use_icon=&#8220;default&#8220; button_icon_placement=&#8220;right&#8220; button_on_hover=&#8220;on&#8220; header_font_size=&#8220;24&#8243; image_alt=&#8220;Abschnitt 3: Die Integration&#8220; body_font_size=&#8220;14&#8243; body_font_size_tablet=&#8220;14&#8243; body_font_size_phone=&#8220;14&#8243; header_font_size_tablet=&#8220;24&#8243; header_font_size_phone=&#8220;24&#8243;]<\/p>\n<p>Erst eine gesamtseitliche Integration aller bisherigen Behandlungen gibt ihrem K\u00f6rper die M\u00f6glichkeit sich dauerhaft\u00a0neu aufzurichten. In diesen vier Sitzungen werden diejenigen K\u00f6rperregionen erneut behandelt, die eine intensivere Unterst\u00fctzung ben\u00f6tigen. Weiterhin werden die Verbindungen der \u00e4u\u00dferen und inneren Faszien gest\u00e4rkt, so das sich die ge\u00e4nderte K\u00f6rperhaltung in allen Regionen ausbreiten kann. Und ihre Wahrnehmung f\u00fcr Fehlhaltungen wird geschult, so das sie in Zukunft selbst erkennen wenn sie eine ung\u00fcnstige Haltung einnehmen. Dies ist unerl\u00e4sslich um einen lang anhaltenden Behandlungserfolg zu erzielen.<\/p>\n<p>[\/et_pb_slide] [\/et_pb_slider][\/et_pb_column][\/et_pb_row][\/et_pb_section][et_pb_section admin_label=&#8220;Sektion&#8220; fullwidth=&#8220;off&#8220; specialty=&#8220;off&#8220; transparent_background=&#8220;off&#8220; allow_player_pause=&#8220;off&#8220; inner_shadow=&#8220;off&#8220; parallax=&#8220;off&#8220; parallax_method=&#8220;off&#8220; padding_mobile=&#8220;off&#8220; make_fullwidth=&#8220;off&#8220; use_custom_width=&#8220;off&#8220; width_unit=&#8220;on&#8220; make_equal=&#8220;off&#8220; use_custom_gutter=&#8220;off&#8220; custom_padding=&#8220;1px|||&#8220;][et_pb_row admin_label=&#8220;Zeile&#8220;][et_pb_column type=&#8220;1_2&#8243;][et_pb_accordion admin_label=&#8220;Fragen Block eins&#8220; use_border_color=&#8220;off&#8220; border_color=&#8220;#ffffff&#8220; border_style=&#8220;solid&#8220;] [et_pb_accordion_item title=&#8220;eine 12er Sequenz erleben&#8220;]<\/p>\n<p>Bei der Anwendung der Strukturellen Integration\u00a0handelt es sich um eine manuelle Therapie. Hierbei f\u00fchrt der Therapeut mit seinen H\u00e4nden spezielle Dehn\u00fcbungen Ihrer Faszien aus. Durch Druck bzw. Strecken der oberen als auch der tieferen Faszien werden diese gel\u00f6st.<\/p>\n<p>Jede Behandlung beginnt mit einer Anamnese\u00a0Ihrer aktuellen K\u00f6rpersituation (was geht gut, was schmerzt) sowie einer Betrachtung Ihrer K\u00f6rperhaltung (sogenanntes Bodyreading). Beim Bodyreading werden Fehlhaltungen einzelner K\u00f6rperregionen aufgezeigt, denn diese Fehlhaltungen sind h\u00e4ufig Ursache der auftretenden Beschwerden. Im Anschlu\u00df an das Bodyreading folgt die eigentliche Behandlung.<\/p>\n<p>Die zw\u00f6lf Behandlungen sind in 4er-Abschnitte aufgeteilt: die \u00e4u\u00dferen Faszien, die Mitte und die Integration. Die\u00a0vier Behandlungen eines Abschnitts\u00a0sollten jeweils\u00a0mit einem Abstand von ca. einer Woche erfolgen. Zwischen den Behandlungsabschnitten ist eine Pause von zwei bis vier Wochen sinnvoll, dies erm\u00f6glicht Ihrem K\u00f6rper die ver\u00e4nderte\u00a0Haltung zu verinnerlichen.\u00a0Sie k\u00f6nnen auch erst mal den ersten\u00a0Behandlungsabschnitt ausprobieren und die weiteren Abschnitte sp\u00e4ter wahrnehmen. Dies ist jedoch nicht optimal, da der K\u00f6rper dann ev. in seine alten Strukturen zur\u00fcck f\u00e4llt.<\/p>\n<p>Die einzelnen Behandlung erfolgt je nach Schwerpunkt der Sitzung auf der Behandlungsliege bzw. auf einem Sitzhocker und hat\u00a0verschiedene K\u00f6rperregionen zum Schwerpunkt. Jede Behandlung dauert ca. 90 Minuten und folgt\u00a0einem strukturieren Ablauf. \u00a0Dabei werden keinerlei Cremes, Lotionen oder sonstige Zusatzstoffe verwendet, daher ist eine solche Behandlung auch besonders f\u00fcr Allergiker geeignet. Durch alle zw\u00f6lf\u00a0Sitzungen\u00a0wird eine umfassende Behandlung aller K\u00f6rperregionen erreicht.<\/p>\n<p>Die einzelnen Behandlungen erfordern Ihre aktive Mitarbeit (z.B. durch Armstrecken, Beinstrecken oder \u00e4hnliches), aber keine Sorge, Sie werden sorgf\u00e4ltig angeleitet. Durch Ihre Mitarbeit werden nicht nur die \u00e4u\u00dferen, sondern auch die tieferen Faszienschichten erreicht.<\/p>\n<p>Das eigentliche Erfolgsgeheimnis liegt in der Behandlung der \u00e4u\u00dferen <strong>und<\/strong> der inneren Faszien, erst eine Behandlung <strong>aller<\/strong> Bereiche, die zur K\u00f6rperhaltung beitragen erm\u00f6glicht eine dauerhafte Ver\u00e4nderung !<\/p>\n<p>Zum Abschluss jeder Behandlung werden die K\u00f6rperreaktionen besprochen und dokumentiert und der Behandlungsplan aktualisiert.<\/p>\n<p>[\/et_pb_accordion_item] [\/et_pb_accordion][\/et_pb_column][et_pb_column type=&#8220;1_2&#8243;][et_pb_accordion admin_label=&#8220;Fragen Block zwei&#8220; use_border_color=&#8220;off&#8220; border_color=&#8220;#ffffff&#8220; border_style=&#8220;solid&#8220;] [et_pb_accordion_item title=&#8220;Kann ich die Behandlung erst mal ausprobieren ?&#8220;]<\/p>\n<p>Ja, Grunds\u00e4tzlich k\u00f6nnen sie im Rahmen einer Probeanwendung die Strukturelle Integration kennenlernen. Dies erm\u00f6glicht die Einsch\u00e4tzung inwieweit Ihnen diese, teilweise intensive Behandlung zusagt und Sie in die doch l\u00e4nger andauernde Therapie einsteigen m\u00f6chten. Eine Behandlung nach der Strukturellen Integration in 12 Schritten ist eine Reise, die nur dann Erfolg erm\u00f6glicht, wenn die Therapie abgeschlossen wird. Erst mal einen Versuch zu wagen macht daher viel Sinn.<\/p>\n<p>[\/et_pb_accordion_item][et_pb_accordion_item title=&#8220;Kann ich die Behandlungsabschnitte \u00e4ndern ?&#8220;]<\/p>\n<p>Nein, die einzelnen Behandlungen bauen aufeinander auf, eine \u00c4nderung der Reihenfolge macht keinen Sinn. Es ist wie beim Ankleiden: erst die Hose, dann die Schuhe, anders herum bringt keine Vorteile. \u00a0 \ud83d\ude42<\/p>\n<p>[\/et_pb_accordion_item][et_pb_accordion_item title=&#8220;Kann ich nach dem ersten Behandlungsabschnitt aufh\u00f6ren ?&#8220;]<\/p>\n<p>Ja, sicherlich. Sie k\u00f6nnen die Behandlungstermine jederzeit \u00e4ndern, beenden oder aussetzen. Die Behandlung in den vorgeschlagenen Abschnitten und im Abstand von ca. einer Woche (pro Behandlung) hat sich in der Praxis bew\u00e4hrt und unterst\u00fctzt die lang anhaltende \u00c4nderung der K\u00f6rperhaltung. Wenn sich\u00a0aber im Verlauf des\u00a0ersten Behandlungsabschnittes heraus stellt das ihr K\u00f6rper eine andere Behandlung (z.B. Bowen) bzw. eine andere Terminabfolge besser vertr\u00e4gt, dann \u00e4ndern wir den Behandlungsplan. Ev. bereits gezahlte Behandlungen\u00a0werden selbstredend entsprechend verrechnet.<\/p>\n<p>[\/et_pb_accordion_item][et_pb_accordion_item title=&#8220;Mu\u00df ich alle zw\u00f6lf Behandlungen buchen und bezahlen ?&#8220;]<\/p>\n<p>Nein. Die Behandlung kann jeweils einzeln gebucht (und bezahlt) werden, oder sie buchen einen\u00a0Behandlungsabschnitt (also die 4 Behandlungen des jeweiligen Abschnitts) oder aber sie buchen alle zw\u00f6lf Behandlungen auf einen Rutsch. Die Buchung pro Abschnitt bringt ihnen einen Preisvorteil (420 EUR statt 480 EUR), und die Buchung aller zw\u00f6lf Behandlungen bringt einen weiteren Preisvorteil (nochmal 60 EUR). Sprechen Sie mit uns, wir finden eine L\u00f6sung !<\/p>\n<p>[\/et_pb_accordion_item][et_pb_accordion_item title=&#8220;Ist die Behandlung schmerzhaft ?&#8220;]<\/p>\n<p>Eine Behandlung sollte nicht schmerzhaft, aber durchaus anspruchsvoll sein. Die Behandlung soll bis an die Grenze des \u201eanspruchsvollem Dehnen\u201c und \u201eleichtem Ziehen\u201c gehen, jedoch nicht schmerzen. Durch Ihre aktive Bewegungen bestimmen Sie den Grad der Streckung bei einzelnen Sequenzen und haben dadurch Kontrolle \u00fcber die zumutbare Schmerzgrenze. Diese Grenze wird als \u201eangenehmer Schmerz\u201c beschrieben. Durch ihre aktive R\u00fcckmeldung gehen wir an diese Grenze, nicht jedoch dar\u00fcber hinaus.<\/p>\n<p>Verzichten Sie auf anspruchsvolles \u201eSchmerzen aushalten\u201c, denn letztendlich soll die strukturelle Behandlung Verspannungen l\u00f6sen. Ob gewollt oder unterbewusst, wenn Sie Schmerzen empfinden wirkt dies auf Ihre Faszien nicht entspannend sondern kontra produktiv.<\/p>\n<p>[\/et_pb_accordion_item][et_pb_accordion_item title=&#8220;Wie lange dauert eine Anwendung ?&#8220;]<\/p>\n<p>Eine Anwendung der Strukturellen Integration\u00a0dauert ca. 90 Minuten. Bitte planen Sie f\u00fcr den ersten Termin zus\u00e4tzlich ca. 30 Minuten ein, die wir f\u00fcr eine gr\u00fcndliche Vorbesprechung und Erkl\u00e4rung der Anwendungen nutzen. In\u00a0jeder weiteren Anwendung besprechen wir dann erneut Ihre aktuelle Situation und die zwischenzeitlich erfolgte Reaktion Ihres K\u00f6rpers. Zus\u00e4tzlich f\u00fchren\u00a0wir zu jeder Behandlung ein erneutes Bodyreading aus.<\/p>\n<p>Bitte planen Sie Ihre Termine mit ausreichend &#8222;Luft&#8220; so das Sie im Anschlu\u00df unserer Behandlung nicht gehetzt in weitere Termine m\u00fcssen.<\/p>\n<p>[\/et_pb_accordion_item][et_pb_accordion_item title=&#8220;Wie lange sind die Behandlungsabst\u00e4nde ?&#8220;]<\/p>\n<p>Oft ist es sinnvoll dem K\u00f6rper zwischen einzelnen Behandlungen eines Abschnitts ein (bis max. zwei) Wochen Zeit zu geben, sich wieder neu zu organisieren. Deswegen sind zu kurze Termine nacheinander nicht sinnvoll. Wir empfehlen mindesten eine Woche Abstand zwischen den Behandlungsterminen eines Abschnitts, zwischen den drei Abschnitten (\u00e4u\u00dfere Faszien, die Mitte, die Integration) sollen zwei bis max. vier Wochen vergehen.<\/p>\n<p>[\/et_pb_accordion_item][et_pb_accordion_item title=&#8220;Was sollte ich anziehen ?&#8220;]<\/p>\n<p>Der Therapeut nutzt zur Behandlung seine Finger, H\u00e4nde oder auch Ellbogen und f\u00fchrt direkt auf Ihrer Haut entsprechende Bewegungen aus, die Ihre Faszien l\u00f6sen. Hierzu ist der direkte Kontakt mit Ihrer Haut hilfreich. Wir empfehlen das Sie bequeme (Sport-) Unterw\u00e4sche tragen, dies ist jedoch nicht zwingende Voraussetzung. Wichtig ist das Sie sich in Ihrer Bekleidung wohl f\u00fchlen. Bei Fragen sprechen Sie uns an.<\/p>\n<p>Dazu geh\u00f6rt auch das Sie nicht gleich vom Sport oder von der Arbeit zu einem Behandlungstermin eilen m\u00fcssen sonder Zeit einplanen sich frisch zu machen. Bitte verzichten Sie auf Parfum oder K\u00f6rperlotion, eingecremte Haut verhindert effektives arbeiten mit den tieferen Faszien.<\/p>\n<p>[\/et_pb_accordion_item][et_pb_accordion_item title=&#8220;Kann ich den Behandlungserfolg nachverfolgen ?&#8220;]<\/p>\n<p>\u00dcblicherweise dokumentieren wir jede\u00a0einzelne Behandlungen mittels unserer Formulare zum Bodyreading und zum Behandlungsinhalt, die wir gern mit Ihnen teilen. Dar\u00fcber hinaus dokumentieren optional auch Foto\u00b4s vor bzw. nach einer Behandlung besonders deutlich m\u00f6gliche Ver\u00e4nderungen.\u00a0Allerdings ist das &#8222;sich fotografieren lassen&#8220; nicht jedermanns Sache, daher besprechen\u00a0wir diese M\u00f6glichkeit in unserem Erstgespr\u00e4ch und machen Foto\u00b4s nur ein wenn Sie es w\u00fcnschen.<\/p>\n<p>[\/et_pb_accordion_item][et_pb_accordion_item title=&#8220;Gibt es Gegenanzeigen ?&#8220;]<\/p>\n<p>Bei schweren Erkrankungen, bei organischen Sch\u00e4den oder bei Verdacht auf solche sollten Sie sich unbedingt in die H\u00e4nde eines qualifizierten Arztes begeben. Gegenanzeigen f\u00fcr eine Behandlung sind unter anderem: akute entz\u00fcndliche Erkrankungen, Aneurysmen, akute Phlebitis und nicht komplett ausgeheilte Wunden. Besondere Vorsicht ist geboten bei Osteoporose, Schwangerschaft, Krebserkrankungen, Arteriosklerose, psychischen Krankheiten und langfristiger Kortison-Einnahme.<\/p>\n<p>Weitere Kontraindikationen sind kn\u00f6cherne Ursachen eines Bewegungsdefizits, entz\u00fcndliches Rheuma, degenerative Muskelerkrankungen und frische Traumata sowie akute Bandscheibenvorf\u00e4lle und schwere Herzerkrankungen.<\/p>\n<p>In keinem Fall sollten Sie eine geplante oder aktive Behandlung durch einen Arzt ohne R\u00fccksprache mit Ihrem Arzt \u00e4ndern oder unterbrechen. Halten Sie im Zweifelsfall unbedingt R\u00fccksprache mit ihrem Arzt.<\/p>\n<p>[\/et_pb_accordion_item] [\/et_pb_accordion][\/et_pb_column][\/et_pb_row][\/et_pb_section][et_pb_section admin_label=&#8220;Sektion&#8220; fullwidth=&#8220;off&#8220; specialty=&#8220;off&#8220; transparent_background=&#8220;off&#8220; background_color=&#8220;#ffffcc&#8220; allow_player_pause=&#8220;off&#8220; inner_shadow=&#8220;off&#8220; parallax=&#8220;off&#8220; parallax_method=&#8220;off&#8220; padding_mobile=&#8220;off&#8220; make_fullwidth=&#8220;off&#8220; use_custom_width=&#8220;off&#8220; width_unit=&#8220;on&#8220; make_equal=&#8220;off&#8220; use_custom_gutter=&#8220;off&#8220; custom_padding=&#8220;1px||1px|&#8220;][et_pb_row admin_label=&#8220;Zeile&#8220; make_fullwidth=&#8220;off&#8220; use_custom_width=&#8220;off&#8220; width_unit=&#8220;on&#8220; use_custom_gutter=&#8220;off&#8220; custom_padding=&#8220;1px||1px|&#8220; padding_mobile=&#8220;off&#8220; allow_player_pause=&#8220;off&#8220; parallax=&#8220;off&#8220; parallax_method=&#8220;off&#8220; make_equal=&#8220;off&#8220; parallax_1=&#8220;off&#8220; parallax_method_1=&#8220;off&#8220; column_padding_mobile=&#8220;on&#8220;][et_pb_column type=&#8220;4_4&#8243;][et_pb_pricing_tables admin_label=&#8220;Preise 12er Sequenz&#8220; show_bullet=&#8220;on&#8220; center_list_items=&#8220;off&#8220; use_border_color=&#8220;off&#8220; border_color=&#8220;#ffffff&#8220; border_style=&#8220;solid&#8220; custom_button=&#8220;off&#8220; button_letter_spacing=&#8220;0&#8243; button_use_icon=&#8220;default&#8220; button_icon_placement=&#8220;right&#8220; button_on_hover=&#8220;on&#8220; button_letter_spacing_hover=&#8220;0&#8243; remove_featured_drop_shadow=&#8220;off&#8220;] [et_pb_pricing_table featured=&#8220;off&#8220; title=&#8220;Strukturelle Integration&#8220; subtitle=&#8220;Einzelbehandlung&#8220; currency=&#8220;\u20ac&#8220; sum=&#8220;120,00&#8243; header_font_select=&#8220;default&#8220; header_font=&#8220;||||&#8220; subheader_font_select=&#8220;default&#8220; subheader_font=&#8220;||||&#8220; currency_frequency_font_select=&#8220;default&#8220; currency_frequency_font=&#8220;||||&#8220; price_font_select=&#8220;default&#8220; price_font=&#8220;||||&#8220; body_font_select=&#8220;default&#8220; body_font=&#8220;||||&#8220; custom_button=&#8220;off&#8220; button_font_select=&#8220;default&#8220; button_font=&#8220;||||&#8220; button_use_icon=&#8220;default&#8220; button_icon_placement=&#8220;right&#8220; button_on_hover=&#8220;on&#8220; header_text_color=&#8220;#000000&#8243; price_text_color=&#8220;#000000&#8243; currency_frequency_font_size=&#8220;20px&#8220; currency_frequency_font_size_tablet=&#8220;20px&#8220; currency_frequency_font_size_phone=&#8220;20px&#8220; price_font_size=&#8220;48&#8243; price_font_size_tablet=&#8220;48&#8243; price_font_size_phone=&#8220;48&#8243; body_text_color=&#8220;#000000&#8243;]<\/p>\n<p>+ Umfassende Behandlung mit ausf\u00fchrlichem Vorgespr\u00e4ch und Anamnese<\/p>\n<p>+ ausf\u00fchrliche Analyse ihrer K\u00f6rperhaltung (Bodyreading)<\/p>\n<p>+ Behandlung entsprechend der Therapie zur Strukturellen Integration, jedoch Planung und Buchung als einzelne Behandlung<\/p>\n<p>+ Behandlungsdauer ca. 90 Minuten.<\/p>\n<p>[\/et_pb_pricing_table][et_pb_pricing_table featured=&#8220;on&#8220; title=&#8220;Strukturelle Integration 12er-Sequenz&#8220; subtitle=&#8220;4 Behandlungen&#8220; currency=&#8220;\u20ac&#8220; sum=&#8220;420,00&#8243; header_font_select=&#8220;default&#8220; header_font=&#8220;||||&#8220; subheader_font_select=&#8220;default&#8220; subheader_font=&#8220;||||&#8220; currency_frequency_font_select=&#8220;default&#8220; currency_frequency_font=&#8220;||||&#8220; price_font_select=&#8220;default&#8220; price_font=&#8220;||||&#8220; body_font_select=&#8220;default&#8220; body_font=&#8220;||||&#8220; custom_button=&#8220;off&#8220; button_font_select=&#8220;default&#8220; button_font=&#8220;||||&#8220; button_use_icon=&#8220;default&#8220; button_icon_placement=&#8220;right&#8220; button_on_hover=&#8220;on&#8220; price_font_size=&#8220;48&#8243; price_font_size_tablet=&#8220;48&#8243; price_font_size_phone=&#8220;48&#8243; header_text_color=&#8220;#000000&#8243; background_color=&#8220;#ffffff&#8220; price_text_color=&#8220;#16a085&#8243; body_text_color=&#8220;#000000&#8243;]<\/p>\n<p>+ 4 Behandlungen zur Strukturellen Integration, jeweils alle Behandlungen eines Abschnitts (\u00e4u\u00dfere Faszien, die Mitte bzw. die Integration)<\/p>\n<p>+ Ausf\u00fchrliches Vorgespr\u00e4ch\u00a0\u00fcber Rolfing und Strukturelle\u00a0Integration<\/p>\n<p>+ Detaillierte Analyse der K\u00f6rperhaltung (Bodyreading)<\/p>\n<p>+ Behandlungsdauer ca. 90 Minuten<\/p>\n<p>+ Dokumentation des Behandlungserfolgs nach jeder Behandlung\u00a0mit erneutem Bodyreading<\/p>\n<p>+ ausf\u00fchrliche Schulung zur Wahrnehmung der eigenen K\u00f6rperhaltung<\/p>\n<p>[\/et_pb_pricing_table][et_pb_pricing_table featured=&#8220;off&#8220; title=&#8220;Folgebehandlung&#8220; subtitle=&#8220;nach einer 12er Sequenz&#8220; currency=&#8220;\u20ac&#8220; sum=&#8220;90,00&#8243; header_font_select=&#8220;default&#8220; header_font=&#8220;||||&#8220; subheader_font_select=&#8220;default&#8220; subheader_font=&#8220;||||&#8220; currency_frequency_font_select=&#8220;default&#8220; currency_frequency_font=&#8220;||||&#8220; price_font_select=&#8220;default&#8220; price_font=&#8220;||||&#8220; body_font_select=&#8220;default&#8220; body_font=&#8220;||||&#8220; custom_button=&#8220;off&#8220; button_font_select=&#8220;default&#8220; button_font=&#8220;||||&#8220; button_use_icon=&#8220;default&#8220; button_icon_placement=&#8220;right&#8220; button_on_hover=&#8220;on&#8220; price_font_size=&#8220;48&#8243; price_font_size_tablet=&#8220;48&#8243; price_font_size_phone=&#8220;48&#8243; price_text_color=&#8220;#000000&#8243; header_text_color=&#8220;#000000&#8243; body_text_color=&#8220;#000000&#8243;]<\/p>\n<p>+ Individuelle Fortsetzung der Behandlungen mit Schwerpunkt auf verbleibende Beschwerden<\/p>\n<p>+ Optimierung der K\u00f6rperhaltung<\/p>\n<p>+ Behandlungsdauer ca. 90 Minuten<\/p>\n<p>[\/et_pb_pricing_table] [\/et_pb_pricing_tables][\/et_pb_column][\/et_pb_row][et_pb_row admin_label=&#8220;Zeile&#8220; make_fullwidth=&#8220;off&#8220; use_custom_width=&#8220;off&#8220; width_unit=&#8220;on&#8220; use_custom_gutter=&#8220;off&#8220; custom_padding=&#8220;1px|1px|1px|1px&#8220; padding_mobile=&#8220;off&#8220; allow_player_pause=&#8220;off&#8220; parallax=&#8220;off&#8220; parallax_method=&#8220;off&#8220; make_equal=&#8220;off&#8220; parallax_1=&#8220;off&#8220; parallax_method_1=&#8220;off&#8220; column_padding_mobile=&#8220;on&#8220; padding_right_1=&#8220;1px&#8220; padding_left_1=&#8220;1px&#8220;][et_pb_column type=&#8220;4_4&#8243;][et_pb_blurb admin_label=&#8220;Kostenerstattung&#8220; title=&#8220;Hinweis zur Kostenerstattung&#8220; url_new_window=&#8220;off&#8220; use_icon=&#8220;off&#8220; icon_color=&#8220;#9ad6d1&#8243; use_circle=&#8220;off&#8220; circle_color=&#8220;#9ad6d1&#8243; use_circle_border=&#8220;off&#8220; circle_border_color=&#8220;#9ad6d1&#8243; icon_placement=&#8220;top&#8220; animation=&#8220;top&#8220; background_layout=&#8220;light&#8220; text_orientation=&#8220;justified&#8220; use_icon_font_size=&#8220;off&#8220; use_border_color=&#8220;off&#8220; border_color=&#8220;#ffffff&#8220; border_style=&#8220;solid&#8220; background_color=&#8220;#f7f5ef&#8220; saved_tabs=&#8220;all&#8220; custom_margin=&#8220;1px|1px|1px|1px&#8220; custom_padding=&#8220;1px|1px|1px|1px&#8220;]<\/p>\n<p>\u00c4hnlich den Behandlungen zu\u00a0 Hom\u00f6opathie und Heilpraktiker haben es aktuell leider etliche Krankenkassen bisher nicht geschafft die Anwendung der Strukturellen Integration\u00a0bzw. Rolfing\u00a0in den jeweiligen Leistungskatalog f\u00fcr ihre Versicherten aufzunehmen. Bitte erkundigen Sie sich auf jeden Fall vor einer Anwendung bei Ihrer Krankenkasse \u00fcber eine m\u00f6gliche Kostenerstattung, da meine Behandlung direkt mit Ihnen abgerechnet wird.<\/p>\n<p>[\/et_pb_blurb][\/et_pb_column][\/et_pb_row][\/et_pb_section][et_pb_section admin_label=&#8220;section&#8220; transparent_background=&#8220;off&#8220; allow_player_pause=&#8220;off&#8220; inner_shadow=&#8220;off&#8220; parallax=&#8220;off&#8220; parallax_method=&#8220;off&#8220; custom_padding=&#8220;1px|||&#8220; padding_mobile=&#8220;off&#8220; make_fullwidth=&#8220;off&#8220; use_custom_width=&#8220;off&#8220; width_unit=&#8220;on&#8220; make_equal=&#8220;off&#8220; use_custom_gutter=&#8220;off&#8220;][et_pb_row admin_label=&#8220;row&#8220; make_fullwidth=&#8220;off&#8220; use_custom_width=&#8220;off&#8220; width_unit=&#8220;off&#8220; use_custom_gutter=&#8220;off&#8220; padding_mobile=&#8220;off&#8220; allow_player_pause=&#8220;off&#8220; parallax=&#8220;off&#8220; parallax_method=&#8220;on&#8220; make_equal=&#8220;off&#8220; column_padding_mobile=&#8220;on&#8220; parallax_1=&#8220;off&#8220; parallax_method_1=&#8220;on&#8220; parallax_2=&#8220;off&#8220; parallax_method_2=&#8220;on&#8220; parallax_3=&#8220;off&#8220; parallax_method_3=&#8220;on&#8220; parallax_4=&#8220;off&#8220; parallax_method_4=&#8220;on&#8220; disabled=&#8220;off&#8220;][et_pb_column type=&#8220;1_2&#8243;][et_pb_text admin_label=&#8220;Text&#8220; background_layout=&#8220;light&#8220; text_orientation=&#8220;center&#8220; use_border_color=&#8220;off&#8220; border_style=&#8220;solid&#8220; disabled=&#8220;off&#8220; border_color=&#8220;#ffffff&#8220;]<\/p>\n<h3>Ihr Faszien-Therapeut:<\/h3>\n<p>[\/et_pb_text][et_pb_image admin_label=&#8220;Bild_WW&#8220; src=&#8220;https:\/\/wohlbehandelt.de\/wp-content\/uploads\/2017\/03\/Bild-4_WW.png&#8220; alt=&#8220;\u00fcber mich&#8220; title_text=&#8220;\u00fcber mich&#8220; show_in_lightbox=&#8220;off&#8220; url=&#8220;http:\/\/fastitut.de\/?page_id=688&#8243; url_new_window=&#8220;off&#8220; use_overlay=&#8220;on&#8220; animation=&#8220;fade_in&#8220; sticky=&#8220;on&#8220; align=&#8220;center&#8220; force_fullwidth=&#8220;off&#8220; always_center_on_mobile=&#8220;on&#8220; use_border_color=&#8220;off&#8220; border_color=&#8220;#ffffff&#8220; border_style=&#8220;solid&#8220; hover_overlay_color=&#8220;rgba(255,255,255,0)&#8220; hover_icon=&#8220;%%372%%&#8220;] [\/et_pb_image][\/et_pb_column][et_pb_column type=&#8220;1_2&#8243;][et_pb_button admin_label=&#8220;Taste Kontakt&#8220; saved_tabs=&#8220;all&#8220; url_new_window=&#8220;off&#8220; button_text=&#8220;Kontakt und Termine&#8220; button_alignment=&#8220;center&#8220; background_layout=&#8220;light&#8220; custom_button=&#8220;off&#8220; button_letter_spacing=&#8220;0&#8243; button_use_icon=&#8220;default&#8220; button_icon_placement=&#8220;right&#8220; button_on_hover=&#8220;on&#8220; button_letter_spacing_hover=&#8220;0&#8243; button_url=&#8220;https:\/\/wohlbehandelt.de\/?page_id=334&#8243;] [\/et_pb_button][et_pb_divider admin_label=&#8220;Teiler&#8220; color=&#8220;#f7f5ef&#8220; show_divider=&#8220;on&#8220; divider_style=&#8220;solid&#8220; divider_position=&#8220;top&#8220; hide_on_mobile=&#8220;off&#8220; height=&#8220;10&#8243; divider_weight=&#8220;5px&#8220; saved_tabs=&#8220;all&#8220;] [\/et_pb_divider][et_pb_text admin_label=&#8220;Text&#8220; background_layout=&#8220;light&#8220; text_orientation=&#8220;center&#8220; use_border_color=&#8220;off&#8220; border_style=&#8220;solid&#8220; disabled=&#8220;off&#8220; border_color=&#8220;#ffffff&#8220;]<\/p>\n<h3>Strukturelle Integration\u00a0kennen lernen:<\/h3>\n<p>[\/et_pb_text][et_pb_contact_form admin_label=&#8220;Kontaktformular&#8220; captcha=&#8220;on&#8220; email=&#8220;wolfgang@wohlbehandelt.de&#8220; use_redirect=&#8220;off&#8220; input_border_radius=&#8220;0&#8243; module_id=&#8220;et_pb_contact_form_0&#8243; use_border_color=&#8220;off&#8220; border_color=&#8220;#ffffff&#8220; border_style=&#8220;solid&#8220; custom_button=&#8220;off&#8220; button_use_icon=&#8220;on&#8220; button_icon_placement=&#8220;right&#8220; button_on_hover=&#8220;on&#8220; button_letter_spacing_hover=&#8220;0&#8243; disabled=&#8220;off&#8220; button_letter_spacing=&#8220;0&#8243;] [et_pb_contact_field field_id=&#8220;Name&#8220; field_title=&#8220;Name&#8220; field_type=&#8220;input&#8220; required_mark=&#8220;on&#8220; fullwidth_field=&#8220;off&#8220; input_border_radius=&#8220;0&#8243; disabled=&#8220;off&#8220;][\/et_pb_contact_field][et_pb_contact_field field_id=&#8220;Email&#8220; field_title=&#8220;E-Mail-Adresse&#8220; field_type=&#8220;email&#8220; required_mark=&#8220;on&#8220; fullwidth_field=&#8220;off&#8220; input_border_radius=&#8220;0&#8243; disabled=&#8220;off&#8220;][\/et_pb_contact_field][et_pb_contact_field field_id=&#8220;Message&#8220; field_title=&#8220;Nachricht&#8220; field_type=&#8220;text&#8220; required_mark=&#8220;on&#8220; fullwidth_field=&#8220;on&#8220; input_border_radius=&#8220;0&#8243; disabled=&#8220;off&#8220;][\/et_pb_contact_field] [\/et_pb_contact_form][\/et_pb_column][\/et_pb_row][\/et_pb_section]<\/p>\n","protected":false},"excerpt":{"rendered":"<p>Wir bieten mit unserem speziellen Therapieangebot \u201eStrukturelle Integration\u00a0in zw\u00f6lf Schritten\u201c eine besonders intensive Behandlung ihrer Faszien. Diese Behandlung richtet sich insbesondere\u00a0an Personen mit lang andauernden Beschwerden bzw. ausgepr\u00e4gten Fehlhaltungen. Die besonders umfangreiche Behandlung der \u00e4u\u00dferen und inneren Faszien ist speziell\u00a0dazu geeignet auch bereits seit langem bestehende Ver\u00e4nderungen in der K\u00f6rperhaltung zu l\u00f6sen,\u00a0so dass sich Bewegungen [&hellip;]<\/p>\n","protected":false},"author":1,"featured_media":0,"parent":0,"menu_order":0,"comment_status":"closed","ping_status":"closed","template":"","meta":{"_et_pb_use_builder":"on","_et_pb_old_content":"","_et_gb_content_width":"","footnotes":""},"class_list":["post-778","page","type-page","status-publish","hentry"],"_links":{"self":[{"href":"https:\/\/wohlbehandelt.de\/index.php?rest_route=\/wp\/v2\/pages\/778","targetHints":{"allow":["GET"]}}],"collection":[{"href":"https:\/\/wohlbehandelt.de\/index.php?rest_route=\/wp\/v2\/pages"}],"about":[{"href":"https:\/\/wohlbehandelt.de\/index.php?rest_route=\/wp\/v2\/types\/page"}],"author":[{"embeddable":true,"href":"https:\/\/wohlbehandelt.de\/index.php?rest_route=\/wp\/v2\/users\/1"}],"replies":[{"embeddable":true,"href":"https:\/\/wohlbehandelt.de\/index.php?rest_route=%2Fwp%2Fv2%2Fcomments&post=778"}],"version-history":[{"count":46,"href":"https:\/\/wohlbehandelt.de\/index.php?rest_route=\/wp\/v2\/pages\/778\/revisions"}],"predecessor-version":[{"id":838,"href":"https:\/\/wohlbehandelt.de\/index.php?rest_route=\/wp\/v2\/pages\/778\/revisions\/838"}],"wp:attachment":[{"href":"https:\/\/wohlbehandelt.de\/index.php?rest_route=%2Fwp%2Fv2%2Fmedia&parent=778"}],"curies":[{"name":"wp","href":"https:\/\/api.w.org\/{rel}","templated":true}]}}